{"id":1135,"date":"2024-03-14T13:18:52","date_gmt":"2024-03-14T11:18:52","guid":{"rendered":"https:\/\/citt-bio.madrimasd.org\/?page_id=1135"},"modified":"2024-03-20T13:47:18","modified_gmt":"2024-03-20T11:47:18","slug":"el-cluster-citt-bio-reune-a-los-agentes-clave-de-la-investigacion-de-universidades-y-del-sector-privado-para-debatir-sobre-la-generacion-de-alianzas-el-talento-y-la-captacion-de-financiacion","status":"publish","type":"page","link":"https:\/\/citt-bio.madrimasd.org\/index.php\/noticias\/el-cluster-citt-bio-reune-a-los-agentes-clave-de-la-investigacion-de-universidades-y-del-sector-privado-para-debatir-sobre-la-generacion-de-alianzas-el-talento-y-la-captacion-de-financiacion\/","title":{"rendered":"El cl\u00faster CITT-BIO re\u00fane a los agentes clave de la investigaci\u00f3n, de universidades y del sector privado para debatir sobre la generaci\u00f3n de alianzas, el talento y la captaci\u00f3n de financiaci\u00f3n"},"content":{"rendered":"\n<p>Madrid, 12 de marzo de 2024 &#8211; El Cl\u00faster CITT-BIO celebr\u00f3 en la Facultad de Medicina de la Universidad Aut\u00f3noma de Madrid su reuni\u00f3n plenaria donde se dieron cita agentes clave del sector de la biomedicina y la biotecnolog\u00eda. La jornada se aline\u00f3 con los objetivos del cl\u00faster, abordando los desaf\u00edos actuales y futuros del sistema sanitario, promoviendo la colaboraci\u00f3n, el compromiso para mejorar su eficiencia y la generaci\u00f3n de tejido industrial en la Comunidad de Madrid. En la agenda de la jornada se incluy\u00f3 una ponencia del director del CITT-BIO, <strong>D. Javier Col\u00e1s<\/strong>, para exponer la situaci\u00f3n actual del cl\u00faster y del entorno; tres mesas redondas con expertos del sector sobre las oportunidades de colaboraci\u00f3n, financiaci\u00f3n y formaci\u00f3n; y con una ponencia de <strong>D\u00f1a. Raquel Yotti<\/strong>, comisionada del PERTE para la Salud de Vanguardia.<\/p>\n\n\n\n<div class=\"wp-block-media-text is-stacked-on-mobile\" style=\"grid-template-columns:42% auto\"><figure class=\"wp-block-media-text__media\"><img loading=\"lazy\" decoding=\"async\" width=\"1024\" height=\"708\" src=\"http:\/\/citt-bio.madrimasd.org\/wp-content\/uploads\/2024\/03\/01-cittbio-colas-inauguracion-1-1024x708.jpg\" alt=\"\" class=\"wp-image-1136 size-full\" srcset=\"https:\/\/citt-bio.madrimasd.org\/wp-content\/uploads\/2024\/03\/01-cittbio-colas-inauguracion-1-1024x708.jpg 1024w, https:\/\/citt-bio.madrimasd.org\/wp-content\/uploads\/2024\/03\/01-cittbio-colas-inauguracion-1-300x207.jpg 300w, https:\/\/citt-bio.madrimasd.org\/wp-content\/uploads\/2024\/03\/01-cittbio-colas-inauguracion-1-768x531.jpg 768w, https:\/\/citt-bio.madrimasd.org\/wp-content\/uploads\/2024\/03\/01-cittbio-colas-inauguracion-1-1536x1062.jpg 1536w, https:\/\/citt-bio.madrimasd.org\/wp-content\/uploads\/2024\/03\/01-cittbio-colas-inauguracion-1-2048x1416.jpg 2048w\" sizes=\"auto, (max-width: 1024px) 100vw, 1024px\" \/><\/figure><div class=\"wp-block-media-text__content\">\n<p><\/p>\n\n\n\n<div class=\"wp-block-columns is-layout-flex wp-container-core-columns-is-layout-28f84493 wp-block-columns-is-layout-flex\">\n<div class=\"wp-block-column is-layout-flow wp-block-column-is-layout-flow\" style=\"flex-basis:100%\">\n<div class=\"wp-block-group alignfull is-layout-constrained wp-block-group-is-layout-constrained\">\n<p class=\"has-text-align-left\">La reuni\u00f3n fue inaugurada por <strong>D\u00f1a. Pilar L\u00f3pez<\/strong>, decana de la Facultad de Medicina de la UAM, dando la bienvenida a los integrantes del cl\u00faster, y destacando la relevancia de esta iniciativa para fomentar la colaboraci\u00f3n sin\u00e9rgica entre las entidades del ecosistema y lograr avances significativos que mejoren la salud de la sociedad. En la inauguraci\u00f3n le acompa\u00f1aron <strong>D. Javier Col\u00e1s<\/strong>, director del CITT-BIO y <strong>D. Jos\u00e9 Manuel Gonz\u00e1lez Sancho,<\/strong> codirector.<\/p>\n\n\n\n<p class=\"has-text-align-left\">Tras la inauguraci\u00f3n, el director del cl\u00faster present\u00f3 la situaci\u00f3n actual del CITT-BIO, donde se\u00f1al\u00f3 que, para superar los retos a los que nos enfrentamos, el cl\u00faster persigue promover una cultura de cooperaci\u00f3n y trabajar en sus tres puntos clave: promoci\u00f3n de la ciencia, creaci\u00f3n de eficiencia y generaci\u00f3n de tejido industrial y producto interior bruto. Tambi\u00e9n busca aumentar el n\u00famero de participantes, para ganar en peso y en relevancia en la regi\u00f3n, para convertirse en un dinamizador de las entidades y de los proyectos a desarrollar. En este sentido, subray\u00f3 algunas de las actividades que desde el cl\u00faster se est\u00e1n promoviendo, como la creaci\u00f3n de grupos de trabajo y la organizaci\u00f3n de redes tem\u00e1ticas en \u00e1reas concretas dentro del propio CITT-BIO.<\/p>\n\n\n\n<p class=\"has-text-align-left has-palette-color-2-color has-text-color has-link-color has-small-font-size wp-elements-0c772f05ec9bca866266f38491472588\"><em>Inauguraci\u00f3n de la reuni\u00f3n plenaria a cargo de por <strong>D\u00f1a. Pilar L\u00f3pez<\/strong> (UAM), <strong>D. Javier Col\u00e1s<\/strong> y <strong>D. Jose Manuel Gonz\u00e1lez<\/strong> (director y codirector del CITT-BIO)<\/em>.<\/p>\n<\/div>\n<\/div>\n<\/div>\n\n\n\n<p><\/p>\n<\/div><\/div>\n\n\n\n<div class=\"wp-block-media-text is-stacked-on-mobile\" style=\"grid-template-columns:42% auto\"><figure class=\"wp-block-media-text__media\"><img loading=\"lazy\" decoding=\"async\" width=\"1024\" height=\"768\" src=\"http:\/\/citt-bio.madrimasd.org\/wp-content\/uploads\/2024\/03\/05-cittbio-borjaibanez-elisaborrego-cnio-cnic-1024x768.jpg\" alt=\"\" class=\"wp-image-1146 size-full\" srcset=\"https:\/\/citt-bio.madrimasd.org\/wp-content\/uploads\/2024\/03\/05-cittbio-borjaibanez-elisaborrego-cnio-cnic-1024x768.jpg 1024w, https:\/\/citt-bio.madrimasd.org\/wp-content\/uploads\/2024\/03\/05-cittbio-borjaibanez-elisaborrego-cnio-cnic-300x225.jpg 300w, https:\/\/citt-bio.madrimasd.org\/wp-content\/uploads\/2024\/03\/05-cittbio-borjaibanez-elisaborrego-cnio-cnic-768x576.jpg 768w, https:\/\/citt-bio.madrimasd.org\/wp-content\/uploads\/2024\/03\/05-cittbio-borjaibanez-elisaborrego-cnio-cnic-1536x1152.jpg 1536w, https:\/\/citt-bio.madrimasd.org\/wp-content\/uploads\/2024\/03\/05-cittbio-borjaibanez-elisaborrego-cnio-cnic-2048x1536.jpg 2048w\" sizes=\"auto, (max-width: 1024px) 100vw, 1024px\" \/><\/figure><div class=\"wp-block-media-text__content\">\n<p>La mesa redonda \u201c<strong>Creaci\u00f3n de alianzas y proyectos colaborativos<\/strong>\u201d, moderada por <strong>D. Javier Col\u00e1s<\/strong>, cont\u00f3 con la participaci\u00f3n de <strong>D. Antonio L\u00f3pez Alonso<\/strong>, director de gesti\u00f3n del programa de Investigaci\u00f3n Cl\u00ednica del CNIO, <strong>D. Borja Ib\u00e1\u00f1ez Cabeza<\/strong>, Director Cient\u00edfico y Director de Investigaci\u00f3n Cl\u00ednica del CNIC y <strong>D\u00f1a. Elisa Borrego<\/strong>, Directora de <em>Public Affairs <\/em>de Pharmamar. Esta mesa fue una oportunidad para discutir el impacto de la pandemia de la COVID-19 en la actividad investigadora, as\u00ed como la situaci\u00f3n del sistema de salud y los desaf\u00edos para mejorar la traslaci\u00f3n de los avances en investigaci\u00f3n a la pr\u00e1ctica cl\u00ednica y materializarlos en soluciones que fortalezcan el Sistema Nacional de Salud y el tejido industrial de la regi\u00f3n. En este sentido, se destac\u00f3 la necesidad de mejorar la estructura organizativa para fortalecer la colaboraci\u00f3n entre todas las entidades del cl\u00faster, as\u00ed como la necesidad del respaldo de la administraci\u00f3n p\u00fablica para agilizar procedimientos y aprovechar el gran potencial de dichas entidades. Se recalc\u00f3 la necesidad de impulsar la I+D+i realizada por entidades tanto p\u00fablicas como privadas en la Comunidad de Madrid, dado que genera retornos econ\u00f3micos superiores a la inversi\u00f3n inicial al mismo tiempo que se fortalece la econom\u00eda de la regi\u00f3n.<\/p>\n\n\n\n<p class=\"has-palette-color-2-color has-text-color has-link-color has-small-font-size wp-elements-37918d94586da6a0e80b70168e16d0fb\"><em>Ponentes de la mesa redonda de \u201cCreaci\u00f3n de alianzas y proyectos colaborativos\u201d (de izquierda a derecha): <strong>D. Borja Ib\u00e1\u00f1ez Cabeza<\/strong> (CNIC); <strong>D\u00f1a. Elisa Borrego<\/strong> (Pharmamar); <strong>D. Antonio L\u00f3pez Alonso<\/strong> (CNIO) y <strong>D. Javier Col\u00e1s<\/strong> (CITT-BIO).<\/em><\/p>\n<\/div><\/div>\n\n\n\n<div class=\"wp-block-media-text is-stacked-on-mobile\" style=\"grid-template-columns:42% auto\"><figure class=\"wp-block-media-text__media\"><img loading=\"lazy\" decoding=\"async\" width=\"1024\" height=\"748\" src=\"http:\/\/citt-bio.madrimasd.org\/wp-content\/uploads\/2024\/03\/06-cittbio-garesse-laurabermejo-IMDEA-IRYCIS-UAM-1024x748.jpg\" alt=\"\" class=\"wp-image-1142 size-full\" srcset=\"https:\/\/citt-bio.madrimasd.org\/wp-content\/uploads\/2024\/03\/06-cittbio-garesse-laurabermejo-IMDEA-IRYCIS-UAM-1024x748.jpg 1024w, https:\/\/citt-bio.madrimasd.org\/wp-content\/uploads\/2024\/03\/06-cittbio-garesse-laurabermejo-IMDEA-IRYCIS-UAM-300x219.jpg 300w, https:\/\/citt-bio.madrimasd.org\/wp-content\/uploads\/2024\/03\/06-cittbio-garesse-laurabermejo-IMDEA-IRYCIS-UAM-768x561.jpg 768w, https:\/\/citt-bio.madrimasd.org\/wp-content\/uploads\/2024\/03\/06-cittbio-garesse-laurabermejo-IMDEA-IRYCIS-UAM-1536x1122.jpg 1536w, https:\/\/citt-bio.madrimasd.org\/wp-content\/uploads\/2024\/03\/06-cittbio-garesse-laurabermejo-IMDEA-IRYCIS-UAM-2048x1496.jpg 2048w\" sizes=\"auto, (max-width: 1024px) 100vw, 1024px\" \/><\/figure><div class=\"wp-block-media-text__content\">\n<p>La segunda mesa redonda, bajo el t\u00edtulo \u201c<strong>Formaci\u00f3n y Talento<\/strong>\u201d y moderada por <strong>D. Jos\u00e9 Manuel Gonz\u00e1lez Sancho<\/strong>, cont\u00f3 con la participaci\u00f3n de personalidades del \u00e1mbito investigador y cl\u00ednico, como <strong>D. Rafael Garesse Alarc\u00f3n<\/strong>, catedr\u00e1tico de Bioqu\u00edmica y Biolog\u00eda Molecular de la UAM, <strong>D\u00f1a. Laura Garc\u00eda Bermejo<\/strong>, Directora Cient\u00edfica del IRYCIS, y <strong>D. Ricardo Ramos Ruiz<\/strong>, Director Adjunto del IMDEA Alimentaci\u00f3n. En ella se puso de manifiesto la necesidad de alinear la oferta formativa a la demanda existente en el mercado, y de trabajar en la retenci\u00f3n y estabilizaci\u00f3n del talento a nivel regional y nacional. En este sentido, los expertos incidieron en la apuesta por una formaci\u00f3n continua e integral, fortaleciendo la excelencia did\u00e1ctica actual con la implementaci\u00f3n de habilidades que permitan aumentar la competitividad del talento que se genera. Asimismo, se expres\u00f3 la necesidad de conexi\u00f3n entre los distintos agentes y la valent\u00eda para incorporar medidas reales de retenci\u00f3n y estabilizaci\u00f3n del talento, mencionando programas para la incorporaci\u00f3n del talento existentes en otras comunidades aut\u00f3nomas como Catalu\u00f1a y Pa\u00eds Vasco. Finalmente, se abord\u00f3 la importancia de incorporar el concepto de evaluaci\u00f3n y la creaci\u00f3n de las m\u00e9tricas adecuadas para rentabilizar la investigaci\u00f3n en el \u00e1mbito cl\u00ednico e investigador.<\/p>\n\n\n\n<p class=\"has-palette-color-2-color has-text-color has-link-color has-small-font-size wp-elements-3e9fa4e4fc86e0fcca7a644224f13807\"><em>Ponentes de la mesa redonda de \u201c<strong>Formaci\u00f3n y Talento<\/strong>\u201d (de izquierda a derecha): <strong>D. Rafael Garesse Alarc\u00f3n<\/strong> (UAM), <strong>D\u00f1a. Laura Garc\u00eda Bermejo<\/strong> (IRYCIS), <strong>D. Ricardo Ramos Ruiz<\/strong> (IMDEA Alimentaci\u00f3n) y <strong>D. Jos\u00e9 Manuel Gonz\u00e1lez Sancho<\/strong> (CITT-BIO).<\/em><\/p>\n<\/div><\/div>\n\n\n\n<div class=\"wp-block-media-text is-stacked-on-mobile\" style=\"grid-template-columns:42% auto\"><figure class=\"wp-block-media-text__media\"><img loading=\"lazy\" decoding=\"async\" width=\"1024\" height=\"806\" src=\"http:\/\/citt-bio.madrimasd.org\/wp-content\/uploads\/2024\/03\/07-cittbio-castellon-dolorescalderon-parras-manotas-CDTI-1024x806.jpg\" alt=\"\" class=\"wp-image-1143 size-full\" srcset=\"https:\/\/citt-bio.madrimasd.org\/wp-content\/uploads\/2024\/03\/07-cittbio-castellon-dolorescalderon-parras-manotas-CDTI-1024x806.jpg 1024w, https:\/\/citt-bio.madrimasd.org\/wp-content\/uploads\/2024\/03\/07-cittbio-castellon-dolorescalderon-parras-manotas-CDTI-300x236.jpg 300w, https:\/\/citt-bio.madrimasd.org\/wp-content\/uploads\/2024\/03\/07-cittbio-castellon-dolorescalderon-parras-manotas-CDTI-768x605.jpg 768w, https:\/\/citt-bio.madrimasd.org\/wp-content\/uploads\/2024\/03\/07-cittbio-castellon-dolorescalderon-parras-manotas-CDTI-1536x1210.jpg 1536w, https:\/\/citt-bio.madrimasd.org\/wp-content\/uploads\/2024\/03\/07-cittbio-castellon-dolorescalderon-parras-manotas-CDTI-2048x1613.jpg 2048w\" sizes=\"auto, (max-width: 1024px) 100vw, 1024px\" \/><\/figure><div class=\"wp-block-media-text__content\">\n<p>La \u00faltima mesa redonda, \u201c<strong>Oportunidades de Financiaci\u00f3n<\/strong>\u201d fue moderada por <strong>D. Enrique Castell\u00f3n Leal<\/strong>, Socio fundador y presidente del Consejo de Administraci\u00f3n de CRB Inverb\u00edo y cont\u00f3 con la participaci\u00f3n de <strong>D\u00f1a. \u00c1ngeles Barrios<\/strong>, Public Affairs Director and Stakeholder Relations Lead de EIT Health Espa\u00f1a, <strong>D\u00f1a. Dolores Calder\u00f3n<\/strong>, Jefa del Dpto. de Biotecnolog\u00eda, Tecnolog\u00edas de la salud y Agroalimentaci\u00f3n del CDTI, <strong>D. \u00c1ngel Manotas<\/strong>, Managing Director de Alantra, importante entidad de Capital Riesgo con fuertes inversiones en el \u00e1rea de Salud y <strong>D. Vicente Parras Criado<\/strong>, Subdirector General de Innovaci\u00f3n Tecnol\u00f3gica de la Comunidad de Madrid. En ella se estableci\u00f3 un interesante punto de debate sobre c\u00f3mo aprovechar y canalizar los programas y fuentes de financiaci\u00f3n para la consecuci\u00f3n de los proyectos innovadores. Se recalc\u00f3 la necesidad de aumentar la inversi\u00f3n tanto p\u00fablica como privada en I+D en el sector salud y en la biotecnolog\u00eda, resaltando la importancia de preponderar la inversi\u00f3n privada y de fomentar el asesoramiento externo a los investigadores. Tambi\u00e9n se mencion\u00f3 la importancia de mejorar la coordinaci\u00f3n entre la administraci\u00f3n y las empresas para facilitar la transferencia de conocimiento al mercado, generando producto interior bruto en la Comunidad de Madrid.<\/p>\n\n\n\n<p class=\"has-palette-color-2-color has-text-color has-link-color has-small-font-size wp-elements-262f12370d2da70ad9b93e16ba98fef8\"><em>Ponentes de la mesa redonda de \u201c<strong>Oportunidades de financiaci\u00f3n<\/strong>\u201d (de izquierda a derecha): D. Enrique Castell\u00f3n Leal (CRB Inverb\u00edo), <strong>D\u00f1a. Dolores Calder\u00f3n<\/strong> (CDTI), <strong>D. Vicente Parras Criado<\/strong> (Direcci\u00f3n General de Innovaci\u00f3n Tecnol\u00f3gica de la Comunidad de Madrid) y <strong>D. \u00c1ngel Manotas<\/strong> (Alantra). Tambi\u00e9n particip\u00f3 <strong>D\u00f1a. \u00c1ngeles Barrios<\/strong> (EIT Health).<\/em><\/p>\n<\/div><\/div>\n\n\n\n<div class=\"wp-block-media-text is-stacked-on-mobile\" style=\"grid-template-columns:42% auto\"><figure class=\"wp-block-media-text__media\"><img loading=\"lazy\" decoding=\"async\" width=\"1024\" height=\"762\" src=\"http:\/\/citt-bio.madrimasd.org\/wp-content\/uploads\/2024\/03\/08-raquelyotti-yotti-cittbio-perte-salud-vanguardia-1024x762.jpg\" alt=\"\" class=\"wp-image-1144 size-full\" srcset=\"https:\/\/citt-bio.madrimasd.org\/wp-content\/uploads\/2024\/03\/08-raquelyotti-yotti-cittbio-perte-salud-vanguardia-1024x762.jpg 1024w, https:\/\/citt-bio.madrimasd.org\/wp-content\/uploads\/2024\/03\/08-raquelyotti-yotti-cittbio-perte-salud-vanguardia-300x223.jpg 300w, https:\/\/citt-bio.madrimasd.org\/wp-content\/uploads\/2024\/03\/08-raquelyotti-yotti-cittbio-perte-salud-vanguardia-768x572.jpg 768w, https:\/\/citt-bio.madrimasd.org\/wp-content\/uploads\/2024\/03\/08-raquelyotti-yotti-cittbio-perte-salud-vanguardia-1536x1143.jpg 1536w, https:\/\/citt-bio.madrimasd.org\/wp-content\/uploads\/2024\/03\/08-raquelyotti-yotti-cittbio-perte-salud-vanguardia-2048x1525.jpg 2048w\" sizes=\"auto, (max-width: 1024px) 100vw, 1024px\" \/><\/figure><div class=\"wp-block-media-text__content\">\n<p>A continuaci\u00f3n, tuvo lugar la ponencia de D\u00f1a. Raquel Yotti \u00c1lvarez, Comisionada del PERTE para la Salud de Vanguardia del Ministerio de Ciencia, Innovaci\u00f3n y Universidades, bajo el t\u00edtulo \u201c<strong><em>PERTE Salud de Vanguardia, oportunidades asociadas<\/em><\/strong>\u201d, moderada por D. Javier Col\u00e1s. D\u00f1a. Raquel Yotti present\u00f3 el comisionado como un instrumento para interaccionar de forma m\u00e1s cercana con los diferentes sectores y se describi\u00f3 el PERTE como un proyecto estrat\u00e9gico que ampara varios instrumentos de financiaci\u00f3n que buscan dar respuesta a cuatro objetivos estrat\u00e9gicos. Se\u00f1al\u00f3 algunas de las principales actuaciones publicadas y ejecutadas hasta el momento, tanto desde el Instituto de Salud Carlos III como desde el CDTI, o ambos en conjunto. Tambi\u00e9n anticip\u00f3 algunas convocatorias que se pondr\u00e1n en marcha en los pr\u00f3ximos meses. Concretamente, resalt\u00f3 una l\u00ednea de financiaci\u00f3n del CDTI orientada a empresas dotada de 298 M\u20ac con la posibilidad de alcanzar un 20% de tramo no reembolsable. Adem\u00e1s, anunci\u00f3 la creaci\u00f3n de la primera sociedad mercantil de terapias avanzadas con capital p\u00fablico-privado de Espa\u00f1a, aprobada en el consejo de ministros de esa misma ma\u00f1ana.<\/p>\n\n\n\n<p class=\"has-palette-color-2-color has-text-color has-link-color has-small-font-size wp-elements-deb9653c903cf4ea8363dad7be8b0c7e\"><strong><em>D\u00f1a. Raquel Yotti<\/em><\/strong><em> (Ministerio de Ciencia, Innovaci\u00f3n y Universidades) y <strong>D. Javier Col\u00e1s<\/strong> (CITT-BIO), en la ronda de preguntas de la ponencia \u201cPERTE Salud de Vanguardia, oportunidades asociadas\u201d .<\/em><\/p>\n<\/div><\/div>\n\n\n\n<div class=\"wp-block-media-text is-stacked-on-mobile\" style=\"grid-template-columns:42% auto\"><figure class=\"wp-block-media-text__media\"><img loading=\"lazy\" decoding=\"async\" width=\"1024\" height=\"783\" src=\"http:\/\/citt-bio.madrimasd.org\/wp-content\/uploads\/2024\/03\/08-raquelyotti-yotti-cittbio-perte-salud-vanguardia-villegas-1024x783.jpg\" alt=\"\" class=\"wp-image-1145 size-full\" srcset=\"https:\/\/citt-bio.madrimasd.org\/wp-content\/uploads\/2024\/03\/08-raquelyotti-yotti-cittbio-perte-salud-vanguardia-villegas-1024x783.jpg 1024w, https:\/\/citt-bio.madrimasd.org\/wp-content\/uploads\/2024\/03\/08-raquelyotti-yotti-cittbio-perte-salud-vanguardia-villegas-300x229.jpg 300w, https:\/\/citt-bio.madrimasd.org\/wp-content\/uploads\/2024\/03\/08-raquelyotti-yotti-cittbio-perte-salud-vanguardia-villegas-768x587.jpg 768w, https:\/\/citt-bio.madrimasd.org\/wp-content\/uploads\/2024\/03\/08-raquelyotti-yotti-cittbio-perte-salud-vanguardia-villegas-1536x1174.jpg 1536w, https:\/\/citt-bio.madrimasd.org\/wp-content\/uploads\/2024\/03\/08-raquelyotti-yotti-cittbio-perte-salud-vanguardia-villegas-2048x1565.jpg 2048w\" sizes=\"auto, (max-width: 1024px) 100vw, 1024px\" \/><\/figure><div class=\"wp-block-media-text__content\">\n<p>La jornada culmin\u00f3 con la clausura a cargo de <strong>D\u00f1a. Marina Pilar Villegas Gracia<\/strong>, Directora General de Investigaci\u00f3n e Innovaci\u00f3n Tecnol\u00f3gica de la Comunidad de Madrid, destacando la importancia de estos encuentros dirigidos a la puesta en com\u00fan de los retos actuales en el \u00e1mbito en el que se enmarca el CITT-BIO y la b\u00fasqueda de iniciativas que fomenten la relaci\u00f3n y el desarrollo de proyectos colaborativos.<\/p>\n\n\n\n<p><\/p>\n\n\n\n<p><\/p>\n\n\n\n<p><\/p>\n\n\n\n<p><\/p>\n\n\n\n<p><\/p>\n\n\n\n<p class=\"has-palette-color-2-color has-text-color has-link-color has-small-font-size wp-elements-537a8fe3dedc1cac084fcbaea95de1b7\"><em>La clausura de la reuni\u00f3n la realiz\u00f3<strong> D\u00f1a. Marina Pilar Villegas Gracia <\/strong>(Directora General de Investigaci\u00f3n e Innovaci\u00f3n Tecnol\u00f3gica de la Comunidad de Madrid, segunda por la izquierda) junto con <strong>D\u00f1a. Raquel Yotti<\/strong> (a su izquierda), <strong>D. Javier Col\u00e1s<\/strong> (CITT-BIO, derecha) y D. Jose Manuel Gonz\u00e1lez (CITT-BIO, izquierda).<\/em><\/p>\n<\/div><\/div>\n\n\n\n<div style=\"height:60px\" aria-hidden=\"true\" class=\"wp-block-spacer\"><\/div>\n\n\n\n<p class=\"has-text-align-center has-small-font-size\"><\/p>\n\n\n\n<div class=\"wp-block-columns is-layout-flex wp-container-core-columns-is-layout-28f84493 wp-block-columns-is-layout-flex\">\n<div class=\"wp-block-column is-layout-flow wp-block-column-is-layout-flow\">\n<figure class=\"wp-block-image size-large\"><img loading=\"lazy\" decoding=\"async\" width=\"1024\" height=\"768\" src=\"http:\/\/citt-bio.madrimasd.org\/wp-content\/uploads\/2024\/03\/PS-cittbio-reunionplenaria-1024x768.jpg\" alt=\"\" class=\"wp-image-1200\" srcset=\"https:\/\/citt-bio.madrimasd.org\/wp-content\/uploads\/2024\/03\/PS-cittbio-reunionplenaria-1024x768.jpg 1024w, https:\/\/citt-bio.madrimasd.org\/wp-content\/uploads\/2024\/03\/PS-cittbio-reunionplenaria-300x225.jpg 300w, https:\/\/citt-bio.madrimasd.org\/wp-content\/uploads\/2024\/03\/PS-cittbio-reunionplenaria-768x576.jpg 768w, https:\/\/citt-bio.madrimasd.org\/wp-content\/uploads\/2024\/03\/PS-cittbio-reunionplenaria-1536x1152.jpg 1536w, https:\/\/citt-bio.madrimasd.org\/wp-content\/uploads\/2024\/03\/PS-cittbio-reunionplenaria-2048x1536.jpg 2048w\" sizes=\"auto, (max-width: 1024px) 100vw, 1024px\" \/><\/figure>\n<\/div>\n\n\n\n<div class=\"wp-block-column is-layout-flow wp-block-column-is-layout-flow\">\n<figure class=\"wp-block-image size-large\"><img loading=\"lazy\" decoding=\"async\" width=\"1024\" height=\"768\" src=\"http:\/\/citt-bio.madrimasd.org\/wp-content\/uploads\/2024\/03\/PS-cittbio-javiercolas-1024x768.jpg\" alt=\"\" class=\"wp-image-1199\" srcset=\"https:\/\/citt-bio.madrimasd.org\/wp-content\/uploads\/2024\/03\/PS-cittbio-javiercolas-1024x768.jpg 1024w, https:\/\/citt-bio.madrimasd.org\/wp-content\/uploads\/2024\/03\/PS-cittbio-javiercolas-300x225.jpg 300w, https:\/\/citt-bio.madrimasd.org\/wp-content\/uploads\/2024\/03\/PS-cittbio-javiercolas-768x576.jpg 768w, https:\/\/citt-bio.madrimasd.org\/wp-content\/uploads\/2024\/03\/PS-cittbio-javiercolas-1536x1152.jpg 1536w, https:\/\/citt-bio.madrimasd.org\/wp-content\/uploads\/2024\/03\/PS-cittbio-javiercolas-2048x1536.jpg 2048w\" sizes=\"auto, (max-width: 1024px) 100vw, 1024px\" \/><\/figure>\n<\/div>\n\n\n\n<div class=\"wp-block-column is-layout-flow wp-block-column-is-layout-flow\">\n<figure class=\"wp-block-image size-large\"><img loading=\"lazy\" decoding=\"async\" width=\"1024\" height=\"754\" src=\"http:\/\/citt-bio.madrimasd.org\/wp-content\/uploads\/2024\/03\/04-cittbio-colas-cluster-1024x754.jpg\" alt=\"\" class=\"wp-image-1139\" srcset=\"https:\/\/citt-bio.madrimasd.org\/wp-content\/uploads\/2024\/03\/04-cittbio-colas-cluster-1024x754.jpg 1024w, https:\/\/citt-bio.madrimasd.org\/wp-content\/uploads\/2024\/03\/04-cittbio-colas-cluster-300x221.jpg 300w, https:\/\/citt-bio.madrimasd.org\/wp-content\/uploads\/2024\/03\/04-cittbio-colas-cluster-768x566.jpg 768w, https:\/\/citt-bio.madrimasd.org\/wp-content\/uploads\/2024\/03\/04-cittbio-colas-cluster-1536x1132.jpg 1536w, https:\/\/citt-bio.madrimasd.org\/wp-content\/uploads\/2024\/03\/04-cittbio-colas-cluster-2048x1509.jpg 2048w\" sizes=\"auto, (max-width: 1024px) 100vw, 1024px\" \/><\/figure>\n<\/div>\n<\/div>\n\n\n\n<div style=\"height:60px\" aria-hidden=\"true\" class=\"wp-block-spacer\"><\/div>\n\n\n\n<div class=\"wp-block-columns is-layout-flex wp-container-core-columns-is-layout-28f84493 wp-block-columns-is-layout-flex\">\n<div class=\"wp-block-column is-layout-flow wp-block-column-is-layout-flow\">\n<figure class=\"wp-block-image size-large\"><img loading=\"lazy\" decoding=\"async\" width=\"1024\" height=\"674\" src=\"http:\/\/citt-bio.madrimasd.org\/wp-content\/uploads\/2024\/03\/05-cittbio-borjaibanez-elisaborrego-colas-CNIO-CNIC-pharmamar-mesa-1024x674.jpg\" alt=\"\" class=\"wp-image-1141\" srcset=\"https:\/\/citt-bio.madrimasd.org\/wp-content\/uploads\/2024\/03\/05-cittbio-borjaibanez-elisaborrego-colas-CNIO-CNIC-pharmamar-mesa-1024x674.jpg 1024w, https:\/\/citt-bio.madrimasd.org\/wp-content\/uploads\/2024\/03\/05-cittbio-borjaibanez-elisaborrego-colas-CNIO-CNIC-pharmamar-mesa-300x197.jpg 300w, https:\/\/citt-bio.madrimasd.org\/wp-content\/uploads\/2024\/03\/05-cittbio-borjaibanez-elisaborrego-colas-CNIO-CNIC-pharmamar-mesa-768x505.jpg 768w, https:\/\/citt-bio.madrimasd.org\/wp-content\/uploads\/2024\/03\/05-cittbio-borjaibanez-elisaborrego-colas-CNIO-CNIC-pharmamar-mesa-1536x1011.jpg 1536w, https:\/\/citt-bio.madrimasd.org\/wp-content\/uploads\/2024\/03\/05-cittbio-borjaibanez-elisaborrego-colas-CNIO-CNIC-pharmamar-mesa-2048x1348.jpg 2048w\" sizes=\"auto, (max-width: 1024px) 100vw, 1024px\" \/><\/figure>\n<\/div>\n\n\n\n<div class=\"wp-block-column is-layout-flow wp-block-column-is-layout-flow\">\n<figure class=\"wp-block-image size-large\"><img loading=\"lazy\" decoding=\"async\" width=\"1024\" height=\"768\" src=\"http:\/\/citt-bio.madrimasd.org\/wp-content\/uploads\/2024\/03\/05-cittbio-borjaibanez-elisaborrego-colas-CNIO-CNIC-pharmamar-1024x768.jpg\" alt=\"\" class=\"wp-image-1140\" srcset=\"https:\/\/citt-bio.madrimasd.org\/wp-content\/uploads\/2024\/03\/05-cittbio-borjaibanez-elisaborrego-colas-CNIO-CNIC-pharmamar-1024x768.jpg 1024w, https:\/\/citt-bio.madrimasd.org\/wp-content\/uploads\/2024\/03\/05-cittbio-borjaibanez-elisaborrego-colas-CNIO-CNIC-pharmamar-300x225.jpg 300w, https:\/\/citt-bio.madrimasd.org\/wp-content\/uploads\/2024\/03\/05-cittbio-borjaibanez-elisaborrego-colas-CNIO-CNIC-pharmamar-768x576.jpg 768w, https:\/\/citt-bio.madrimasd.org\/wp-content\/uploads\/2024\/03\/05-cittbio-borjaibanez-elisaborrego-colas-CNIO-CNIC-pharmamar-1536x1152.jpg 1536w, https:\/\/citt-bio.madrimasd.org\/wp-content\/uploads\/2024\/03\/05-cittbio-borjaibanez-elisaborrego-colas-CNIO-CNIC-pharmamar-2048x1536.jpg 2048w\" sizes=\"auto, (max-width: 1024px) 100vw, 1024px\" \/><\/figure>\n<\/div>\n\n\n\n<div class=\"wp-block-column is-layout-flow wp-block-column-is-layout-flow\">\n<figure class=\"wp-block-image size-large\"><img loading=\"lazy\" decoding=\"async\" width=\"1024\" height=\"752\" src=\"http:\/\/citt-bio.madrimasd.org\/wp-content\/uploads\/2024\/03\/06-cittbio-garesse-laurabermejo-IMDEA-IRYCIS-UAM-mesa-1024x752.jpg\" alt=\"\" class=\"wp-image-1147\" srcset=\"https:\/\/citt-bio.madrimasd.org\/wp-content\/uploads\/2024\/03\/06-cittbio-garesse-laurabermejo-IMDEA-IRYCIS-UAM-mesa-1024x752.jpg 1024w, https:\/\/citt-bio.madrimasd.org\/wp-content\/uploads\/2024\/03\/06-cittbio-garesse-laurabermejo-IMDEA-IRYCIS-UAM-mesa-300x220.jpg 300w, https:\/\/citt-bio.madrimasd.org\/wp-content\/uploads\/2024\/03\/06-cittbio-garesse-laurabermejo-IMDEA-IRYCIS-UAM-mesa-768x564.jpg 768w, https:\/\/citt-bio.madrimasd.org\/wp-content\/uploads\/2024\/03\/06-cittbio-garesse-laurabermejo-IMDEA-IRYCIS-UAM-mesa-1536x1128.jpg 1536w, https:\/\/citt-bio.madrimasd.org\/wp-content\/uploads\/2024\/03\/06-cittbio-garesse-laurabermejo-IMDEA-IRYCIS-UAM-mesa-2048x1504.jpg 2048w\" sizes=\"auto, (max-width: 1024px) 100vw, 1024px\" \/><\/figure>\n<\/div>\n<\/div>\n\n\n\n<div style=\"height:60px\" aria-hidden=\"true\" class=\"wp-block-spacer\"><\/div>\n\n\n\n<div class=\"wp-block-columns is-layout-flex wp-container-core-columns-is-layout-28f84493 wp-block-columns-is-layout-flex\">\n<div class=\"wp-block-column is-layout-flow wp-block-column-is-layout-flow\">\n<figure class=\"wp-block-image size-large\"><img loading=\"lazy\" decoding=\"async\" width=\"1024\" height=\"768\" src=\"http:\/\/citt-bio.madrimasd.org\/wp-content\/uploads\/2024\/03\/PS-cittbio-rafaelgaresse-UAM-1024x768.jpg\" alt=\"\" class=\"wp-image-1187\" srcset=\"https:\/\/citt-bio.madrimasd.org\/wp-content\/uploads\/2024\/03\/PS-cittbio-rafaelgaresse-UAM-1024x768.jpg 1024w, https:\/\/citt-bio.madrimasd.org\/wp-content\/uploads\/2024\/03\/PS-cittbio-rafaelgaresse-UAM-300x225.jpg 300w, https:\/\/citt-bio.madrimasd.org\/wp-content\/uploads\/2024\/03\/PS-cittbio-rafaelgaresse-UAM-768x576.jpg 768w, https:\/\/citt-bio.madrimasd.org\/wp-content\/uploads\/2024\/03\/PS-cittbio-rafaelgaresse-UAM-1536x1152.jpg 1536w, https:\/\/citt-bio.madrimasd.org\/wp-content\/uploads\/2024\/03\/PS-cittbio-rafaelgaresse-UAM-2048x1536.jpg 2048w\" sizes=\"auto, (max-width: 1024px) 100vw, 1024px\" \/><\/figure>\n<\/div>\n\n\n\n<div class=\"wp-block-column is-layout-flow wp-block-column-is-layout-flow\">\n<figure class=\"wp-block-image size-large\"><img loading=\"lazy\" decoding=\"async\" width=\"1024\" height=\"768\" src=\"http:\/\/citt-bio.madrimasd.org\/wp-content\/uploads\/2024\/03\/PS-cittbio-ricardoramos-josemanuelsancho-1-1024x768.jpg\" alt=\"\" class=\"wp-image-1201\" srcset=\"https:\/\/citt-bio.madrimasd.org\/wp-content\/uploads\/2024\/03\/PS-cittbio-ricardoramos-josemanuelsancho-1-1024x768.jpg 1024w, https:\/\/citt-bio.madrimasd.org\/wp-content\/uploads\/2024\/03\/PS-cittbio-ricardoramos-josemanuelsancho-1-300x225.jpg 300w, https:\/\/citt-bio.madrimasd.org\/wp-content\/uploads\/2024\/03\/PS-cittbio-ricardoramos-josemanuelsancho-1-768x576.jpg 768w, https:\/\/citt-bio.madrimasd.org\/wp-content\/uploads\/2024\/03\/PS-cittbio-ricardoramos-josemanuelsancho-1-1536x1152.jpg 1536w, https:\/\/citt-bio.madrimasd.org\/wp-content\/uploads\/2024\/03\/PS-cittbio-ricardoramos-josemanuelsancho-1-2048x1536.jpg 2048w\" sizes=\"auto, (max-width: 1024px) 100vw, 1024px\" \/><\/figure>\n<\/div>\n\n\n\n<div class=\"wp-block-column is-layout-flow wp-block-column-is-layout-flow\">\n<figure class=\"wp-block-image size-large\"><img loading=\"lazy\" decoding=\"async\" width=\"1024\" height=\"754\" src=\"http:\/\/citt-bio.madrimasd.org\/wp-content\/uploads\/2024\/03\/06-cittbio-garesse-laurabermejo-IMDEA-IRYCIS-UAM2-1024x754.jpg\" alt=\"\" class=\"wp-image-1148\" srcset=\"https:\/\/citt-bio.madrimasd.org\/wp-content\/uploads\/2024\/03\/06-cittbio-garesse-laurabermejo-IMDEA-IRYCIS-UAM2-1024x754.jpg 1024w, https:\/\/citt-bio.madrimasd.org\/wp-content\/uploads\/2024\/03\/06-cittbio-garesse-laurabermejo-IMDEA-IRYCIS-UAM2-300x221.jpg 300w, https:\/\/citt-bio.madrimasd.org\/wp-content\/uploads\/2024\/03\/06-cittbio-garesse-laurabermejo-IMDEA-IRYCIS-UAM2-768x566.jpg 768w, https:\/\/citt-bio.madrimasd.org\/wp-content\/uploads\/2024\/03\/06-cittbio-garesse-laurabermejo-IMDEA-IRYCIS-UAM2-1536x1131.jpg 1536w, https:\/\/citt-bio.madrimasd.org\/wp-content\/uploads\/2024\/03\/06-cittbio-garesse-laurabermejo-IMDEA-IRYCIS-UAM2-2048x1508.jpg 2048w\" sizes=\"auto, (max-width: 1024px) 100vw, 1024px\" \/><\/figure>\n<\/div>\n<\/div>\n\n\n\n<div style=\"height:60px\" aria-hidden=\"true\" class=\"wp-block-spacer\"><\/div>\n\n\n\n<div class=\"wp-block-columns is-layout-flex wp-container-core-columns-is-layout-28f84493 wp-block-columns-is-layout-flex\">\n<div class=\"wp-block-column is-layout-flow wp-block-column-is-layout-flow\">\n<figure class=\"wp-block-image size-large is-resized\"><img loading=\"lazy\" decoding=\"async\" width=\"1024\" height=\"746\" src=\"http:\/\/citt-bio.madrimasd.org\/wp-content\/uploads\/2024\/03\/ps-borjaibanez-cittbio-plenaria-1024x746.jpg\" alt=\"\" class=\"wp-image-1197\" style=\"width:423px;height:auto\" srcset=\"https:\/\/citt-bio.madrimasd.org\/wp-content\/uploads\/2024\/03\/ps-borjaibanez-cittbio-plenaria-1024x746.jpg 1024w, https:\/\/citt-bio.madrimasd.org\/wp-content\/uploads\/2024\/03\/ps-borjaibanez-cittbio-plenaria-300x219.jpg 300w, https:\/\/citt-bio.madrimasd.org\/wp-content\/uploads\/2024\/03\/ps-borjaibanez-cittbio-plenaria-768x560.jpg 768w, https:\/\/citt-bio.madrimasd.org\/wp-content\/uploads\/2024\/03\/ps-borjaibanez-cittbio-plenaria-1536x1119.jpg 1536w, https:\/\/citt-bio.madrimasd.org\/wp-content\/uploads\/2024\/03\/ps-borjaibanez-cittbio-plenaria-2048x1492.jpg 2048w\" sizes=\"auto, (max-width: 1024px) 100vw, 1024px\" \/><\/figure>\n<\/div>\n\n\n\n<div class=\"wp-block-column is-layout-flow wp-block-column-is-layout-flow\">\n<figure class=\"wp-block-image size-large\"><img loading=\"lazy\" decoding=\"async\" width=\"1024\" height=\"768\" src=\"http:\/\/citt-bio.madrimasd.org\/wp-content\/uploads\/2024\/03\/ps-cittbio-coffeebreak-1024x768.jpg\" alt=\"\" class=\"wp-image-1196\" srcset=\"https:\/\/citt-bio.madrimasd.org\/wp-content\/uploads\/2024\/03\/ps-cittbio-coffeebreak-1024x768.jpg 1024w, https:\/\/citt-bio.madrimasd.org\/wp-content\/uploads\/2024\/03\/ps-cittbio-coffeebreak-300x225.jpg 300w, https:\/\/citt-bio.madrimasd.org\/wp-content\/uploads\/2024\/03\/ps-cittbio-coffeebreak-768x576.jpg 768w, https:\/\/citt-bio.madrimasd.org\/wp-content\/uploads\/2024\/03\/ps-cittbio-coffeebreak-1536x1152.jpg 1536w, https:\/\/citt-bio.madrimasd.org\/wp-content\/uploads\/2024\/03\/ps-cittbio-coffeebreak-2048x1536.jpg 2048w\" sizes=\"auto, (max-width: 1024px) 100vw, 1024px\" \/><\/figure>\n<\/div>\n\n\n\n<div class=\"wp-block-column is-layout-flow wp-block-column-is-layout-flow\">\n<figure class=\"wp-block-image size-large\"><img loading=\"lazy\" decoding=\"async\" width=\"1024\" height=\"768\" src=\"http:\/\/citt-bio.madrimasd.org\/wp-content\/uploads\/2024\/03\/ps-cittbio-coffeebrea2-1024x768.jpg\" alt=\"\" class=\"wp-image-1195\" srcset=\"https:\/\/citt-bio.madrimasd.org\/wp-content\/uploads\/2024\/03\/ps-cittbio-coffeebrea2-1024x768.jpg 1024w, https:\/\/citt-bio.madrimasd.org\/wp-content\/uploads\/2024\/03\/ps-cittbio-coffeebrea2-300x225.jpg 300w, https:\/\/citt-bio.madrimasd.org\/wp-content\/uploads\/2024\/03\/ps-cittbio-coffeebrea2-768x576.jpg 768w, https:\/\/citt-bio.madrimasd.org\/wp-content\/uploads\/2024\/03\/ps-cittbio-coffeebrea2-1536x1152.jpg 1536w, https:\/\/citt-bio.madrimasd.org\/wp-content\/uploads\/2024\/03\/ps-cittbio-coffeebrea2-2048x1536.jpg 2048w\" sizes=\"auto, (max-width: 1024px) 100vw, 1024px\" \/><\/figure>\n<\/div>\n<\/div>\n\n\n\n<div style=\"height:60px\" aria-hidden=\"true\" class=\"wp-block-spacer\"><\/div>\n\n\n\n<div class=\"wp-block-columns is-layout-flex wp-container-core-columns-is-layout-28f84493 wp-block-columns-is-layout-flex\">\n<div class=\"wp-block-column is-layout-flow wp-block-column-is-layout-flow\">\n<figure class=\"wp-block-image size-large\"><img loading=\"lazy\" decoding=\"async\" width=\"1024\" height=\"749\" src=\"http:\/\/citt-bio.madrimasd.org\/wp-content\/uploads\/2024\/03\/PS-cittbio-angeles-barrios-perte-vanguardia-1024x749.jpg\" alt=\"\" class=\"wp-image-1185\" srcset=\"https:\/\/citt-bio.madrimasd.org\/wp-content\/uploads\/2024\/03\/PS-cittbio-angeles-barrios-perte-vanguardia-1024x749.jpg 1024w, https:\/\/citt-bio.madrimasd.org\/wp-content\/uploads\/2024\/03\/PS-cittbio-angeles-barrios-perte-vanguardia-300x219.jpg 300w, https:\/\/citt-bio.madrimasd.org\/wp-content\/uploads\/2024\/03\/PS-cittbio-angeles-barrios-perte-vanguardia-768x561.jpg 768w, https:\/\/citt-bio.madrimasd.org\/wp-content\/uploads\/2024\/03\/PS-cittbio-angeles-barrios-perte-vanguardia-1536x1123.jpg 1536w, https:\/\/citt-bio.madrimasd.org\/wp-content\/uploads\/2024\/03\/PS-cittbio-angeles-barrios-perte-vanguardia-2048x1497.jpg 2048w\" sizes=\"auto, (max-width: 1024px) 100vw, 1024px\" \/><\/figure>\n<\/div>\n\n\n\n<div class=\"wp-block-column is-layout-flow wp-block-column-is-layout-flow\">\n<figure class=\"wp-block-image size-large\"><img loading=\"lazy\" decoding=\"async\" width=\"1024\" height=\"768\" src=\"http:\/\/citt-bio.madrimasd.org\/wp-content\/uploads\/2024\/03\/PS-dolores-calderon-CDTI-cittbio-1024x768.jpg\" alt=\"\" class=\"wp-image-1190\" srcset=\"https:\/\/citt-bio.madrimasd.org\/wp-content\/uploads\/2024\/03\/PS-dolores-calderon-CDTI-cittbio-1024x768.jpg 1024w, https:\/\/citt-bio.madrimasd.org\/wp-content\/uploads\/2024\/03\/PS-dolores-calderon-CDTI-cittbio-300x225.jpg 300w, https:\/\/citt-bio.madrimasd.org\/wp-content\/uploads\/2024\/03\/PS-dolores-calderon-CDTI-cittbio-768x576.jpg 768w, https:\/\/citt-bio.madrimasd.org\/wp-content\/uploads\/2024\/03\/PS-dolores-calderon-CDTI-cittbio-1536x1152.jpg 1536w, https:\/\/citt-bio.madrimasd.org\/wp-content\/uploads\/2024\/03\/PS-dolores-calderon-CDTI-cittbio-2048x1536.jpg 2048w\" sizes=\"auto, (max-width: 1024px) 100vw, 1024px\" \/><\/figure>\n<\/div>\n\n\n\n<div class=\"wp-block-column is-layout-flow wp-block-column-is-layout-flow\">\n<figure class=\"wp-block-image size-large\"><img loading=\"lazy\" decoding=\"async\" width=\"1024\" height=\"768\" src=\"http:\/\/citt-bio.madrimasd.org\/wp-content\/uploads\/2024\/03\/PS-cittbio-vicenteparras-madrid-1024x768.jpg\" alt=\"\" class=\"wp-image-1189\" srcset=\"https:\/\/citt-bio.madrimasd.org\/wp-content\/uploads\/2024\/03\/PS-cittbio-vicenteparras-madrid-1024x768.jpg 1024w, https:\/\/citt-bio.madrimasd.org\/wp-content\/uploads\/2024\/03\/PS-cittbio-vicenteparras-madrid-300x225.jpg 300w, https:\/\/citt-bio.madrimasd.org\/wp-content\/uploads\/2024\/03\/PS-cittbio-vicenteparras-madrid-768x576.jpg 768w, https:\/\/citt-bio.madrimasd.org\/wp-content\/uploads\/2024\/03\/PS-cittbio-vicenteparras-madrid-1536x1152.jpg 1536w, https:\/\/citt-bio.madrimasd.org\/wp-content\/uploads\/2024\/03\/PS-cittbio-vicenteparras-madrid-2048x1536.jpg 2048w\" sizes=\"auto, (max-width: 1024px) 100vw, 1024px\" \/><\/figure>\n<\/div>\n<\/div>\n\n\n\n<div style=\"height:60px\" aria-hidden=\"true\" class=\"wp-block-spacer\"><\/div>\n\n\n\n<div class=\"wp-block-columns is-layout-flex wp-container-core-columns-is-layout-28f84493 wp-block-columns-is-layout-flex\">\n<div class=\"wp-block-column is-layout-flow wp-block-column-is-layout-flow\">\n<figure class=\"wp-block-image size-large\"><img loading=\"lazy\" decoding=\"async\" width=\"1024\" height=\"729\" src=\"http:\/\/citt-bio.madrimasd.org\/wp-content\/uploads\/2024\/03\/PS-cittbio-plenaria-Garesse-1024x729.jpg\" alt=\"\" class=\"wp-image-1198\" srcset=\"https:\/\/citt-bio.madrimasd.org\/wp-content\/uploads\/2024\/03\/PS-cittbio-plenaria-Garesse-1024x729.jpg 1024w, https:\/\/citt-bio.madrimasd.org\/wp-content\/uploads\/2024\/03\/PS-cittbio-plenaria-Garesse-300x214.jpg 300w, https:\/\/citt-bio.madrimasd.org\/wp-content\/uploads\/2024\/03\/PS-cittbio-plenaria-Garesse-768x547.jpg 768w, https:\/\/citt-bio.madrimasd.org\/wp-content\/uploads\/2024\/03\/PS-cittbio-plenaria-Garesse-1536x1093.jpg 1536w, https:\/\/citt-bio.madrimasd.org\/wp-content\/uploads\/2024\/03\/PS-cittbio-plenaria-Garesse-2048x1458.jpg 2048w\" sizes=\"auto, (max-width: 1024px) 100vw, 1024px\" \/><\/figure>\n<\/div>\n\n\n\n<div class=\"wp-block-column is-layout-flow wp-block-column-is-layout-flow\">\n<figure class=\"wp-block-image size-large\"><img loading=\"lazy\" decoding=\"async\" width=\"1024\" height=\"768\" src=\"http:\/\/citt-bio.madrimasd.org\/wp-content\/uploads\/2024\/03\/PS-RaquelYotti-PERTE-salud-vanguardia-cittbio-1024x768.jpg\" alt=\"\" class=\"wp-image-1194\" srcset=\"https:\/\/citt-bio.madrimasd.org\/wp-content\/uploads\/2024\/03\/PS-RaquelYotti-PERTE-salud-vanguardia-cittbio-1024x768.jpg 1024w, https:\/\/citt-bio.madrimasd.org\/wp-content\/uploads\/2024\/03\/PS-RaquelYotti-PERTE-salud-vanguardia-cittbio-300x225.jpg 300w, https:\/\/citt-bio.madrimasd.org\/wp-content\/uploads\/2024\/03\/PS-RaquelYotti-PERTE-salud-vanguardia-cittbio-768x576.jpg 768w, https:\/\/citt-bio.madrimasd.org\/wp-content\/uploads\/2024\/03\/PS-RaquelYotti-PERTE-salud-vanguardia-cittbio-1536x1152.jpg 1536w, https:\/\/citt-bio.madrimasd.org\/wp-content\/uploads\/2024\/03\/PS-RaquelYotti-PERTE-salud-vanguardia-cittbio-2048x1536.jpg 2048w\" sizes=\"auto, (max-width: 1024px) 100vw, 1024px\" \/><\/figure>\n<\/div>\n\n\n\n<div class=\"wp-block-column is-layout-flow wp-block-column-is-layout-flow\">\n<figure class=\"wp-block-image size-large\"><img loading=\"lazy\" decoding=\"async\" width=\"1024\" height=\"768\" src=\"http:\/\/citt-bio.madrimasd.org\/wp-content\/uploads\/2024\/03\/PS-raquel-Yotti-cittbio-perte-salud-vanguardia-1024x768.jpg\" alt=\"\" class=\"wp-image-1191\" srcset=\"https:\/\/citt-bio.madrimasd.org\/wp-content\/uploads\/2024\/03\/PS-raquel-Yotti-cittbio-perte-salud-vanguardia-1024x768.jpg 1024w, https:\/\/citt-bio.madrimasd.org\/wp-content\/uploads\/2024\/03\/PS-raquel-Yotti-cittbio-perte-salud-vanguardia-300x225.jpg 300w, https:\/\/citt-bio.madrimasd.org\/wp-content\/uploads\/2024\/03\/PS-raquel-Yotti-cittbio-perte-salud-vanguardia-768x576.jpg 768w, https:\/\/citt-bio.madrimasd.org\/wp-content\/uploads\/2024\/03\/PS-raquel-Yotti-cittbio-perte-salud-vanguardia-1536x1152.jpg 1536w, https:\/\/citt-bio.madrimasd.org\/wp-content\/uploads\/2024\/03\/PS-raquel-Yotti-cittbio-perte-salud-vanguardia-2048x1536.jpg 2048w\" sizes=\"auto, (max-width: 1024px) 100vw, 1024px\" \/><\/figure>\n<\/div>\n<\/div>\n\n\n\n<div style=\"height:60px\" aria-hidden=\"true\" class=\"wp-block-spacer\"><\/div>\n\n\n\n<div class=\"wp-block-columns is-layout-flex wp-container-core-columns-is-layout-28f84493 wp-block-columns-is-layout-flex\">\n<div class=\"wp-block-column is-layout-flow wp-block-column-is-layout-flow\">\n<figure class=\"wp-block-image size-large\"><img loading=\"lazy\" decoding=\"async\" width=\"1024\" height=\"762\" src=\"http:\/\/citt-bio.madrimasd.org\/wp-content\/uploads\/2024\/03\/PS-villegas-cittbio-colas--1024x762.jpg\" alt=\"\" class=\"wp-image-1192\" srcset=\"https:\/\/citt-bio.madrimasd.org\/wp-content\/uploads\/2024\/03\/PS-villegas-cittbio-colas--1024x762.jpg 1024w, https:\/\/citt-bio.madrimasd.org\/wp-content\/uploads\/2024\/03\/PS-villegas-cittbio-colas--300x223.jpg 300w, https:\/\/citt-bio.madrimasd.org\/wp-content\/uploads\/2024\/03\/PS-villegas-cittbio-colas--768x572.jpg 768w, https:\/\/citt-bio.madrimasd.org\/wp-content\/uploads\/2024\/03\/PS-villegas-cittbio-colas--1536x1144.jpg 1536w, https:\/\/citt-bio.madrimasd.org\/wp-content\/uploads\/2024\/03\/PS-villegas-cittbio-colas--2048x1525.jpg 2048w\" sizes=\"auto, (max-width: 1024px) 100vw, 1024px\" \/><\/figure>\n<\/div>\n\n\n\n<div class=\"wp-block-column is-layout-flow wp-block-column-is-layout-flow\">\n<figure class=\"wp-block-image size-large\"><img loading=\"lazy\" decoding=\"async\" width=\"1024\" height=\"768\" src=\"http:\/\/citt-bio.madrimasd.org\/wp-content\/uploads\/2024\/03\/PS-cittbio-villegas-colas-sancho-plenaria-1024x768.jpg\" alt=\"\" class=\"wp-image-1193\" srcset=\"https:\/\/citt-bio.madrimasd.org\/wp-content\/uploads\/2024\/03\/PS-cittbio-villegas-colas-sancho-plenaria-1024x768.jpg 1024w, https:\/\/citt-bio.madrimasd.org\/wp-content\/uploads\/2024\/03\/PS-cittbio-villegas-colas-sancho-plenaria-300x225.jpg 300w, https:\/\/citt-bio.madrimasd.org\/wp-content\/uploads\/2024\/03\/PS-cittbio-villegas-colas-sancho-plenaria-768x576.jpg 768w, https:\/\/citt-bio.madrimasd.org\/wp-content\/uploads\/2024\/03\/PS-cittbio-villegas-colas-sancho-plenaria-1536x1152.jpg 1536w, https:\/\/citt-bio.madrimasd.org\/wp-content\/uploads\/2024\/03\/PS-cittbio-villegas-colas-sancho-plenaria-2048x1536.jpg 2048w\" sizes=\"auto, (max-width: 1024px) 100vw, 1024px\" \/><\/figure>\n<\/div>\n\n\n\n<div class=\"wp-block-column is-layout-flow wp-block-column-is-layout-flow\">\n<figure class=\"wp-block-image size-large\"><img loading=\"lazy\" decoding=\"async\" width=\"1024\" height=\"783\" src=\"http:\/\/citt-bio.madrimasd.org\/wp-content\/uploads\/2024\/03\/08-raquelyotti-yotti-cittbio-perte-salud-vanguardia-villegas-1024x783.jpg\" alt=\"\" class=\"wp-image-1145\" srcset=\"https:\/\/citt-bio.madrimasd.org\/wp-content\/uploads\/2024\/03\/08-raquelyotti-yotti-cittbio-perte-salud-vanguardia-villegas-1024x783.jpg 1024w, https:\/\/citt-bio.madrimasd.org\/wp-content\/uploads\/2024\/03\/08-raquelyotti-yotti-cittbio-perte-salud-vanguardia-villegas-300x229.jpg 300w, https:\/\/citt-bio.madrimasd.org\/wp-content\/uploads\/2024\/03\/08-raquelyotti-yotti-cittbio-perte-salud-vanguardia-villegas-768x587.jpg 768w, https:\/\/citt-bio.madrimasd.org\/wp-content\/uploads\/2024\/03\/08-raquelyotti-yotti-cittbio-perte-salud-vanguardia-villegas-1536x1174.jpg 1536w, https:\/\/citt-bio.madrimasd.org\/wp-content\/uploads\/2024\/03\/08-raquelyotti-yotti-cittbio-perte-salud-vanguardia-villegas-2048x1565.jpg 2048w\" sizes=\"auto, (max-width: 1024px) 100vw, 1024px\" \/><\/figure>\n<\/div>\n<\/div>\n","protected":false},"excerpt":{"rendered":"<p>Madrid, 12 de marzo de 2024 &#8211; El Cl\u00faster CITT-BIO celebr\u00f3 en la Facultad de Medicina de la Universidad Aut\u00f3noma de Madrid su reuni\u00f3n plenaria donde se dieron cita agentes clave del sector de la biomedicina y la biotecnolog\u00eda. La jornada se aline\u00f3 con los objetivos del cl\u00faster, abordando los desaf\u00edos actuales y futuros del [&hellip;]<\/p>\n","protected":false},"author":3,"featured_media":0,"parent":162,"menu_order":1,"comment_status":"closed","ping_status":"closed","template":"","meta":{"_acf_changed":false,"_mc_calendar":[],"footnotes":""},"class_list":["post-1135","page","type-page","status-publish","hentry"],"blocksy_meta":[],"acf":[],"_links":{"self":[{"href":"https:\/\/citt-bio.madrimasd.org\/index.php\/wp-json\/wp\/v2\/pages\/1135","targetHints":{"allow":["GET"]}}],"collection":[{"href":"https:\/\/citt-bio.madrimasd.org\/index.php\/wp-json\/wp\/v2\/pages"}],"about":[{"href":"https:\/\/citt-bio.madrimasd.org\/index.php\/wp-json\/wp\/v2\/types\/page"}],"author":[{"embeddable":true,"href":"https:\/\/citt-bio.madrimasd.org\/index.php\/wp-json\/wp\/v2\/users\/3"}],"replies":[{"embeddable":true,"href":"https:\/\/citt-bio.madrimasd.org\/index.php\/wp-json\/wp\/v2\/comments?post=1135"}],"version-history":[{"count":13,"href":"https:\/\/citt-bio.madrimasd.org\/index.php\/wp-json\/wp\/v2\/pages\/1135\/revisions"}],"predecessor-version":[{"id":1213,"href":"https:\/\/citt-bio.madrimasd.org\/index.php\/wp-json\/wp\/v2\/pages\/1135\/revisions\/1213"}],"up":[{"embeddable":true,"href":"https:\/\/citt-bio.madrimasd.org\/index.php\/wp-json\/wp\/v2\/pages\/162"}],"wp:attachment":[{"href":"https:\/\/citt-bio.madrimasd.org\/index.php\/wp-json\/wp\/v2\/media?parent=1135"}],"curies":[{"name":"wp","href":"https:\/\/api.w.org\/{rel}","templated":true}]}}