{"id":33,"date":"2023-06-16T08:44:42","date_gmt":"2023-06-16T08:44:42","guid":{"rendered":"http:\/\/citt-humanidadesdigitales.madrimasd.org\/?page_id=33"},"modified":"2024-05-22T09:59:04","modified_gmt":"2024-05-22T07:59:04","slug":"noticias-convocatorias","status":"publish","type":"page","link":"https:\/\/citt-bio.madrimasd.org\/index.php\/actividades\/noticias-convocatorias\/","title":{"rendered":"Convocatorias"},"content":{"rendered":"\n<div class=\"wp-block-media-text is-stacked-on-mobile has-palette-color-6-background-color has-background\" style=\"grid-template-columns:36% auto\"><figure class=\"wp-block-media-text__media\"><img loading=\"lazy\" decoding=\"async\" width=\"1024\" height=\"354\" src=\"https:\/\/citt-bio.madrimasd.org\/wp-content\/uploads\/2023\/12\/PERTEsaluddevanguardia-cittbio-1024x354.png\" alt=\"\" class=\"wp-image-995 size-full\" srcset=\"https:\/\/citt-bio.madrimasd.org\/wp-content\/uploads\/2023\/12\/PERTEsaluddevanguardia-cittbio-1024x354.png 1024w, https:\/\/citt-bio.madrimasd.org\/wp-content\/uploads\/2023\/12\/PERTEsaluddevanguardia-cittbio-300x104.png 300w, https:\/\/citt-bio.madrimasd.org\/wp-content\/uploads\/2023\/12\/PERTEsaluddevanguardia-cittbio-768x265.png 768w, https:\/\/citt-bio.madrimasd.org\/wp-content\/uploads\/2023\/12\/PERTEsaluddevanguardia-cittbio.png 1296w\" sizes=\"auto, (max-width: 1024px) 100vw, 1024px\" \/><\/figure><div class=\"wp-block-media-text__content\">\n<p><\/p>\n\n\n\n<h3 class=\"wp-block-heading has-text-color has-link-color wp-elements-6567ad907a00b1b1d1670b097e553243\" style=\"color:#023672\">\u00bfQu\u00e9 es el PERTE para la Salud de Vanguardia?<\/h3>\n\n\n\n<p>El PERTE&nbsp;para la&nbsp;Salud de Vanguardia&nbsp;a\u00fana las iniciativas p\u00fablicas y privadas con el fin de impulsar la transformaci\u00f3n cualitativa del sector de la salud sobre la base de un modelo de colaboraci\u00f3n para la transformaci\u00f3n. Esta transformaci\u00f3n se encuentra estrechamente vinculada al conocimiento cient\u00edfico, a la innovaci\u00f3n sanitaria de vanguardia y a los datos.<\/p>\n\n\n\n<div class=\"wp-block-buttons is-layout-flex wp-block-buttons-is-layout-flex\">\n<div class=\"wp-block-button\"><a class=\"wp-block-button__link has-background has-border-color wp-element-button\" href=\"https:\/\/www.ciencia.gob.es\/Estrategias-y-Planes\/Plan-de-Recuperacion-Transformacion-y-Resiliencia-PRTR\/PERTE-para-la-Salud-de-Vanguardia.html\" style=\"border-color:#023672;background-color:#023672\" target=\"_blank\" rel=\"noreferrer noopener\">Leer m\u00e1s<\/a><\/div>\n<\/div>\n<\/div><\/div>\n\n\n\n<div style=\"height:51px\" aria-hidden=\"true\" class=\"wp-block-spacer\"><\/div>\n\n\n\n<h2 class=\"wp-block-heading\">\u00daltimas convocatorias<\/h2>\n\n\n\n<div class=\"wp-block-group is-layout-constrained wp-block-group-is-layout-constrained\">\n<div class=\"wp-block-query is-layout-flow wp-block-query-is-layout-flow\"><ul class=\"wp-block-post-template is-layout-flow wp-block-post-template-is-layout-flow\"><li class=\"wp-block-post post-1244 post type-post status-publish format-standard has-post-thumbnail hentry category-convocatorias tag-nacional\">\n\n<div class=\"wp-block-columns alignwide has-border-color has-palette-color-5-border-color has-small-font-size is-layout-flex wp-container-core-columns-is-layout-7466b548 wp-block-columns-is-layout-flex\" style=\"border-width:1px;border-radius:4px;padding-top:var(--wp--preset--spacing--30);padding-right:var(--wp--preset--spacing--30);padding-bottom:var(--wp--preset--spacing--30);padding-left:var(--wp--preset--spacing--30)\">\n<div class=\"wp-block-column is-layout-flow wp-block-column-is-layout-flow\" style=\"flex-basis:30%\"><figure class=\"alignfull wp-block-post-featured-image wp-duotone-unset-1\"><a href=\"https:\/\/citt-bio.madrimasd.org\/index.php\/2024\/05\/22\/transmisiones-2024\/\" target=\"_self\"  ><img loading=\"lazy\" decoding=\"async\" width=\"930\" height=\"302\" src=\"https:\/\/citt-bio.madrimasd.org\/wp-content\/uploads\/2023\/07\/min-ciencia-innovacion-CDTI-AEI-vertical.png\" class=\"attachment-post-thumbnail size-post-thumbnail wp-post-image\" alt=\"Transmisiones 2024\" style=\"object-fit:cover;\" srcset=\"https:\/\/citt-bio.madrimasd.org\/wp-content\/uploads\/2023\/07\/min-ciencia-innovacion-CDTI-AEI-vertical.png 930w, https:\/\/citt-bio.madrimasd.org\/wp-content\/uploads\/2023\/07\/min-ciencia-innovacion-CDTI-AEI-vertical-300x97.png 300w, https:\/\/citt-bio.madrimasd.org\/wp-content\/uploads\/2023\/07\/min-ciencia-innovacion-CDTI-AEI-vertical-768x249.png 768w\" sizes=\"auto, (max-width: 930px) 100vw, 930px\" \/><\/a><\/figure><\/div>\n\n\n\n<div class=\"wp-block-column is-layout-flow wp-block-column-is-layout-flow\" style=\"flex-basis:70%\"><h2 style=\"font-style:normal;font-weight:300;\" class=\"wp-block-post-title\"><a href=\"https:\/\/citt-bio.madrimasd.org\/index.php\/2024\/05\/22\/transmisiones-2024\/\" target=\"_self\" >Transmisiones 2024<\/a><\/h2>\n\n<div class=\"wp-block-post-excerpt\"><p class=\"wp-block-post-excerpt__excerpt\">Convocatoria conjunta entre el CDTI y la Agencia Estatal de Investigaci\u00f3n (AEI) <\/p><\/div><\/div>\n<\/div>\n\n<\/li><li class=\"wp-block-post post-1028 post type-post status-publish format-standard has-post-thumbnail hentry category-convocatorias\">\n\n<div class=\"wp-block-columns alignwide has-border-color has-palette-color-5-border-color has-small-font-size is-layout-flex wp-container-core-columns-is-layout-7466b548 wp-block-columns-is-layout-flex\" style=\"border-width:1px;border-radius:4px;padding-top:var(--wp--preset--spacing--30);padding-right:var(--wp--preset--spacing--30);padding-bottom:var(--wp--preset--spacing--30);padding-left:var(--wp--preset--spacing--30)\">\n<div class=\"wp-block-column is-layout-flow wp-block-column-is-layout-flow\" style=\"flex-basis:30%\"><figure class=\"alignfull wp-block-post-featured-image wp-duotone-unset-2\"><a href=\"https:\/\/citt-bio.madrimasd.org\/index.php\/2024\/01\/25\/proyectos-en-colaboracion-publico-privada-2023\/\" target=\"_self\"  ><img loading=\"lazy\" decoding=\"async\" width=\"930\" height=\"302\" src=\"https:\/\/citt-bio.madrimasd.org\/wp-content\/uploads\/2024\/01\/agencia-espanola-investigacion-cittbio.png\" class=\"attachment-post-thumbnail size-post-thumbnail wp-post-image\" alt=\"Proyectos en colaboraci\u00f3n p\u00fablico-privada 2023\" style=\"object-fit:cover;\" srcset=\"https:\/\/citt-bio.madrimasd.org\/wp-content\/uploads\/2024\/01\/agencia-espanola-investigacion-cittbio.png 930w, https:\/\/citt-bio.madrimasd.org\/wp-content\/uploads\/2024\/01\/agencia-espanola-investigacion-cittbio-300x97.png 300w, https:\/\/citt-bio.madrimasd.org\/wp-content\/uploads\/2024\/01\/agencia-espanola-investigacion-cittbio-768x249.png 768w\" sizes=\"auto, (max-width: 930px) 100vw, 930px\" \/><\/a><\/figure><\/div>\n\n\n\n<div class=\"wp-block-column is-layout-flow wp-block-column-is-layout-flow\" style=\"flex-basis:70%\"><h2 style=\"font-style:normal;font-weight:300;\" class=\"wp-block-post-title\"><a href=\"https:\/\/citt-bio.madrimasd.org\/index.php\/2024\/01\/25\/proyectos-en-colaboracion-publico-privada-2023\/\" target=\"_self\" >Proyectos en colaboraci\u00f3n p\u00fablico-privada 2023<\/a><\/h2>\n\n<div class=\"wp-block-post-excerpt\"><p class=\"wp-block-post-excerpt__excerpt\">Esta convocatoria tiene por objeto el apoyo a proyectos de desarrollo experimental en cooperaci\u00f3n entre empresas y organismos de investigaci\u00f3n, con el fin de promover el desarrollo de nuevas tecnolog\u00edas, la aplicaci\u00f3n empresarial de nuevas ideas y t\u00e9cnicas, y contribuir a la creaci\u00f3n de nuevos productos y servicios. <\/p><\/div><\/div>\n<\/div>\n\n<\/li><li class=\"wp-block-post post-1023 post type-post status-publish format-standard has-post-thumbnail hentry category-convocatorias\">\n\n<div class=\"wp-block-columns alignwide has-border-color has-palette-color-5-border-color has-small-font-size is-layout-flex wp-container-core-columns-is-layout-7466b548 wp-block-columns-is-layout-flex\" style=\"border-width:1px;border-radius:4px;padding-top:var(--wp--preset--spacing--30);padding-right:var(--wp--preset--spacing--30);padding-bottom:var(--wp--preset--spacing--30);padding-left:var(--wp--preset--spacing--30)\">\n<div class=\"wp-block-column is-layout-flow wp-block-column-is-layout-flow\" style=\"flex-basis:30%\"><figure class=\"alignfull wp-block-post-featured-image wp-duotone-unset-3\"><a href=\"https:\/\/citt-bio.madrimasd.org\/index.php\/2024\/01\/25\/ecosistemas-de-innovacion-2023\/\" target=\"_self\"  ><img loading=\"lazy\" decoding=\"async\" width=\"930\" height=\"302\" src=\"https:\/\/citt-bio.madrimasd.org\/wp-content\/uploads\/2023\/08\/MCIN-CDTI-PRTR.png\" class=\"attachment-post-thumbnail size-post-thumbnail wp-post-image\" alt=\"Ecosistemas de innovaci\u00f3n 2023\" style=\"object-fit:cover;\" srcset=\"https:\/\/citt-bio.madrimasd.org\/wp-content\/uploads\/2023\/08\/MCIN-CDTI-PRTR.png 930w, https:\/\/citt-bio.madrimasd.org\/wp-content\/uploads\/2023\/08\/MCIN-CDTI-PRTR-300x97.png 300w, https:\/\/citt-bio.madrimasd.org\/wp-content\/uploads\/2023\/08\/MCIN-CDTI-PRTR-768x249.png 768w\" sizes=\"auto, (max-width: 930px) 100vw, 930px\" \/><\/a><\/figure><\/div>\n\n\n\n<div class=\"wp-block-column is-layout-flow wp-block-column-is-layout-flow\" style=\"flex-basis:70%\"><h2 style=\"font-style:normal;font-weight:300;\" class=\"wp-block-post-title\"><a href=\"https:\/\/citt-bio.madrimasd.org\/index.php\/2024\/01\/25\/ecosistemas-de-innovacion-2023\/\" target=\"_self\" >Ecosistemas de innovaci\u00f3n 2023<\/a><\/h2>\n\n<div class=\"wp-block-post-excerpt\"><p class=\"wp-block-post-excerpt__excerpt\">Esta convocatoria financiar\u00e1 la actuaci\u00f3n de los gestores de Ecosistemas de Innovaci\u00f3n basados en las Redes de Excelencia Cervera. Los ecosistemas deber\u00e1n estar gestionados por una agrupaci\u00f3n o consorcio de entidades sin personalizar jur\u00eddica y deben tener una vinculaci\u00f3n con las tecnolog\u00edas prioritarias Cervera. Las agrupaciones deben consistir entre 4 y 8 entidades con la&hellip; <\/p><\/div><\/div>\n<\/div>\n\n<\/li><li class=\"wp-block-post post-977 post type-post status-publish format-standard has-post-thumbnail hentry category-convocatorias\">\n\n<div class=\"wp-block-columns alignwide has-border-color has-palette-color-5-border-color has-small-font-size is-layout-flex wp-container-core-columns-is-layout-7466b548 wp-block-columns-is-layout-flex\" style=\"border-width:1px;border-radius:4px;padding-top:var(--wp--preset--spacing--30);padding-right:var(--wp--preset--spacing--30);padding-bottom:var(--wp--preset--spacing--30);padding-left:var(--wp--preset--spacing--30)\">\n<div class=\"wp-block-column is-layout-flow wp-block-column-is-layout-flow\" style=\"flex-basis:30%\"><figure class=\"alignfull wp-block-post-featured-image wp-duotone-unset-4\"><a href=\"https:\/\/citt-bio.madrimasd.org\/index.php\/2023\/12\/04\/proyectos-de-id-aeroespacial-y-salud\/\" target=\"_self\"  ><img loading=\"lazy\" decoding=\"async\" width=\"930\" height=\"302\" src=\"https:\/\/citt-bio.madrimasd.org\/wp-content\/uploads\/2023\/07\/min-ciencia-innovacion-CDTI-AEI-vertical.png\" class=\"attachment-post-thumbnail size-post-thumbnail wp-post-image\" alt=\"Proyectos de I+D Aeroespacial y Salud\" style=\"object-fit:cover;\" srcset=\"https:\/\/citt-bio.madrimasd.org\/wp-content\/uploads\/2023\/07\/min-ciencia-innovacion-CDTI-AEI-vertical.png 930w, https:\/\/citt-bio.madrimasd.org\/wp-content\/uploads\/2023\/07\/min-ciencia-innovacion-CDTI-AEI-vertical-300x97.png 300w, https:\/\/citt-bio.madrimasd.org\/wp-content\/uploads\/2023\/07\/min-ciencia-innovacion-CDTI-AEI-vertical-768x249.png 768w\" sizes=\"auto, (max-width: 930px) 100vw, 930px\" \/><\/a><\/figure><\/div>\n\n\n\n<div class=\"wp-block-column is-layout-flow wp-block-column-is-layout-flow\" style=\"flex-basis:70%\"><h2 style=\"font-style:normal;font-weight:300;\" class=\"wp-block-post-title\"><a href=\"https:\/\/citt-bio.madrimasd.org\/index.php\/2023\/12\/04\/proyectos-de-id-aeroespacial-y-salud\/\" target=\"_self\" >Proyectos de I+D Aeroespacial y Salud<\/a><\/h2>\n\n<div class=\"wp-block-post-excerpt\"><p class=\"wp-block-post-excerpt__excerpt\">El Ministerio de Ciencia, Innovaci\u00f3n y Universidades abre nueva convocatoria de ayudas de los PERTE Aeroespacial y Salud de Vanguardia con hasta 513 millones de euros en ayudas parcialmente reembolsables. Las ayudas de esta convocatoria, vinculadas al\u00a0PERTE para la Salud de Vanguardia, tienen el objetivo de mejorar la salud de la poblaci\u00f3n espa\u00f1ola mediante el&hellip; <\/p><\/div><\/div>\n<\/div>\n\n<\/li><li class=\"wp-block-post post-663 post type-post status-publish format-standard has-post-thumbnail hentry category-convocatorias tag-nacional\">\n\n<div class=\"wp-block-columns alignwide has-border-color has-palette-color-5-border-color has-small-font-size is-layout-flex wp-container-core-columns-is-layout-7466b548 wp-block-columns-is-layout-flex\" style=\"border-width:1px;border-radius:4px;padding-top:var(--wp--preset--spacing--30);padding-right:var(--wp--preset--spacing--30);padding-bottom:var(--wp--preset--spacing--30);padding-left:var(--wp--preset--spacing--30)\">\n<div class=\"wp-block-column is-layout-flow wp-block-column-is-layout-flow\" style=\"flex-basis:30%\"><figure class=\"alignfull wp-block-post-featured-image wp-duotone-unset-5\"><a href=\"https:\/\/citt-bio.madrimasd.org\/index.php\/2023\/08\/25\/proyectos-de-id-de-transferencia-tecnologica-cervera\/\" target=\"_self\"  ><img loading=\"lazy\" decoding=\"async\" width=\"930\" height=\"302\" src=\"https:\/\/citt-bio.madrimasd.org\/wp-content\/uploads\/2023\/08\/MCIN-CDTI-PRTR.png\" class=\"attachment-post-thumbnail size-post-thumbnail wp-post-image\" alt=\"Proyectos de I+D de Transferencia Tecnol\u00f3gica \u201cCervera\u201d\" style=\"object-fit:cover;\" srcset=\"https:\/\/citt-bio.madrimasd.org\/wp-content\/uploads\/2023\/08\/MCIN-CDTI-PRTR.png 930w, https:\/\/citt-bio.madrimasd.org\/wp-content\/uploads\/2023\/08\/MCIN-CDTI-PRTR-300x97.png 300w, https:\/\/citt-bio.madrimasd.org\/wp-content\/uploads\/2023\/08\/MCIN-CDTI-PRTR-768x249.png 768w\" sizes=\"auto, (max-width: 930px) 100vw, 930px\" \/><\/a><\/figure><\/div>\n\n\n\n<div class=\"wp-block-column is-layout-flow wp-block-column-is-layout-flow\" style=\"flex-basis:70%\"><h2 style=\"font-style:normal;font-weight:300;\" class=\"wp-block-post-title\"><a href=\"https:\/\/citt-bio.madrimasd.org\/index.php\/2023\/08\/25\/proyectos-de-id-de-transferencia-tecnologica-cervera\/\" target=\"_self\" >Proyectos de I+D de Transferencia Tecnol\u00f3gica \u201cCervera\u201d<\/a><\/h2>\n\n<div class=\"wp-block-post-excerpt\"><p class=\"wp-block-post-excerpt__excerpt\">Convocatoria destinada a PYMES y empresas de mediana capitalizaci\u00f3n (MIDCAPS). <\/p><\/div><\/div>\n<\/div>\n\n<\/li><li class=\"wp-block-post post-653 post type-post status-publish format-standard has-post-thumbnail hentry category-convocatorias tag-nacional\">\n\n<div class=\"wp-block-columns alignwide has-border-color has-palette-color-5-border-color has-small-font-size is-layout-flex wp-container-core-columns-is-layout-7466b548 wp-block-columns-is-layout-flex\" style=\"border-width:1px;border-radius:4px;padding-top:var(--wp--preset--spacing--30);padding-right:var(--wp--preset--spacing--30);padding-bottom:var(--wp--preset--spacing--30);padding-left:var(--wp--preset--spacing--30)\">\n<div class=\"wp-block-column is-layout-flow wp-block-column-is-layout-flow\" style=\"flex-basis:30%\"><figure class=\"alignfull wp-block-post-featured-image wp-duotone-unset-6\"><a href=\"https:\/\/citt-bio.madrimasd.org\/index.php\/2023\/08\/25\/ayudas-cervera-para-centros-tecnologicos\/\" target=\"_self\"  ><img loading=\"lazy\" decoding=\"async\" width=\"930\" height=\"302\" src=\"https:\/\/citt-bio.madrimasd.org\/wp-content\/uploads\/2023\/08\/MCIN-CDTI-PRTR.png\" class=\"attachment-post-thumbnail size-post-thumbnail wp-post-image\" alt=\"Ayudas Cervera para Centros Tecnol\u00f3gicos\" style=\"object-fit:cover;\" srcset=\"https:\/\/citt-bio.madrimasd.org\/wp-content\/uploads\/2023\/08\/MCIN-CDTI-PRTR.png 930w, https:\/\/citt-bio.madrimasd.org\/wp-content\/uploads\/2023\/08\/MCIN-CDTI-PRTR-300x97.png 300w, https:\/\/citt-bio.madrimasd.org\/wp-content\/uploads\/2023\/08\/MCIN-CDTI-PRTR-768x249.png 768w\" sizes=\"auto, (max-width: 930px) 100vw, 930px\" \/><\/a><\/figure><\/div>\n\n\n\n<div class=\"wp-block-column is-layout-flow wp-block-column-is-layout-flow\" style=\"flex-basis:70%\"><h2 style=\"font-style:normal;font-weight:300;\" class=\"wp-block-post-title\"><a href=\"https:\/\/citt-bio.madrimasd.org\/index.php\/2023\/08\/25\/ayudas-cervera-para-centros-tecnologicos\/\" target=\"_self\" >Ayudas Cervera para Centros Tecnol\u00f3gicos<\/a><\/h2>\n\n<div class=\"wp-block-post-excerpt\"><p class=\"wp-block-post-excerpt__excerpt\">Convocatoria destinada a Agrupaciones de Centros Tecnol\u00f3gicos y\/o Centros de Apoyo a la Innovaci\u00f3n Tecnol\u00f3gica de \u00e1mbito estatal inscritos en el Registro de Centros Tecnol\u00f3gicos. <\/p><\/div><\/div>\n<\/div>\n\n<\/li><li class=\"wp-block-post post-612 post type-post status-publish format-standard has-post-thumbnail hentry category-convocatorias tag-nacional\">\n\n<div class=\"wp-block-columns alignwide has-border-color has-palette-color-5-border-color has-small-font-size is-layout-flex wp-container-core-columns-is-layout-7466b548 wp-block-columns-is-layout-flex\" style=\"border-width:1px;border-radius:4px;padding-top:var(--wp--preset--spacing--30);padding-right:var(--wp--preset--spacing--30);padding-bottom:var(--wp--preset--spacing--30);padding-left:var(--wp--preset--spacing--30)\">\n<div class=\"wp-block-column is-layout-flow wp-block-column-is-layout-flow\" style=\"flex-basis:30%\"><figure class=\"alignfull wp-block-post-featured-image wp-duotone-unset-7\"><a href=\"https:\/\/citt-bio.madrimasd.org\/index.php\/2023\/07\/21\/ampliacion-del-perte-para-la-salud-de-vanguardia\/\" target=\"_self\"  ><img loading=\"lazy\" decoding=\"async\" width=\"930\" height=\"302\" src=\"https:\/\/citt-bio.madrimasd.org\/wp-content\/uploads\/2023\/07\/perte-salud-vanguardia.png\" class=\"attachment-post-thumbnail size-post-thumbnail wp-post-image\" alt=\"Ampliaci\u00f3n del PERTE para la Salud de Vanguardia\" style=\"object-fit:cover;\" srcset=\"https:\/\/citt-bio.madrimasd.org\/wp-content\/uploads\/2023\/07\/perte-salud-vanguardia.png 930w, https:\/\/citt-bio.madrimasd.org\/wp-content\/uploads\/2023\/07\/perte-salud-vanguardia-300x97.png 300w, https:\/\/citt-bio.madrimasd.org\/wp-content\/uploads\/2023\/07\/perte-salud-vanguardia-768x249.png 768w\" sizes=\"auto, (max-width: 930px) 100vw, 930px\" \/><\/a><\/figure><\/div>\n\n\n\n<div class=\"wp-block-column is-layout-flow wp-block-column-is-layout-flow\" style=\"flex-basis:70%\"><h2 style=\"font-style:normal;font-weight:300;\" class=\"wp-block-post-title\"><a href=\"https:\/\/citt-bio.madrimasd.org\/index.php\/2023\/07\/21\/ampliacion-del-perte-para-la-salud-de-vanguardia\/\" target=\"_self\" >Ampliaci\u00f3n del PERTE para la Salud de Vanguardia<\/a><\/h2>\n\n<div class=\"wp-block-post-excerpt\"><p class=\"wp-block-post-excerpt__excerpt\">En junio de 2023 se anuncia una ampliaci\u00f3n del presupuesto p\u00fablico hasta los 2.013 M\u20ac <\/p><\/div><\/div>\n<\/div>\n\n<\/li><li class=\"wp-block-post post-570 post type-post status-publish format-standard has-post-thumbnail hentry category-convocatorias tag-nacional\">\n\n<div class=\"wp-block-columns alignwide has-border-color has-palette-color-5-border-color has-small-font-size is-layout-flex wp-container-core-columns-is-layout-7466b548 wp-block-columns-is-layout-flex\" style=\"border-width:1px;border-radius:4px;padding-top:var(--wp--preset--spacing--30);padding-right:var(--wp--preset--spacing--30);padding-bottom:var(--wp--preset--spacing--30);padding-left:var(--wp--preset--spacing--30)\">\n<div class=\"wp-block-column is-layout-flow wp-block-column-is-layout-flow\" style=\"flex-basis:30%\"><figure class=\"alignfull wp-block-post-featured-image wp-duotone-unset-8\"><a href=\"https:\/\/citt-bio.madrimasd.org\/index.php\/2023\/07\/21\/transmisiones-2023\/\" target=\"_self\"  ><img loading=\"lazy\" decoding=\"async\" width=\"930\" height=\"302\" src=\"https:\/\/citt-bio.madrimasd.org\/wp-content\/uploads\/2023\/07\/min-ciencia-innovacion-CDTI-AEI-vertical.png\" class=\"attachment-post-thumbnail size-post-thumbnail wp-post-image\" alt=\"Transmisiones 2023\" style=\"object-fit:cover;\" srcset=\"https:\/\/citt-bio.madrimasd.org\/wp-content\/uploads\/2023\/07\/min-ciencia-innovacion-CDTI-AEI-vertical.png 930w, https:\/\/citt-bio.madrimasd.org\/wp-content\/uploads\/2023\/07\/min-ciencia-innovacion-CDTI-AEI-vertical-300x97.png 300w, https:\/\/citt-bio.madrimasd.org\/wp-content\/uploads\/2023\/07\/min-ciencia-innovacion-CDTI-AEI-vertical-768x249.png 768w\" sizes=\"auto, (max-width: 930px) 100vw, 930px\" \/><\/a><\/figure><\/div>\n\n\n\n<div class=\"wp-block-column is-layout-flow wp-block-column-is-layout-flow\" style=\"flex-basis:70%\"><h2 style=\"font-style:normal;font-weight:300;\" class=\"wp-block-post-title\"><a href=\"https:\/\/citt-bio.madrimasd.org\/index.php\/2023\/07\/21\/transmisiones-2023\/\" target=\"_self\" >Transmisiones 2023<\/a><\/h2>\n\n<div class=\"wp-block-post-excerpt\"><p class=\"wp-block-post-excerpt__excerpt\">Convocatoria conjunta entre el CDTI y la Agencia Estatal de Investigaci\u00f3n (AEI) <\/p><\/div><\/div>\n<\/div>\n\n<\/li><li class=\"wp-block-post post-571 post type-post status-publish format-standard has-post-thumbnail hentry category-convocatorias tag-nacional\">\n\n<div class=\"wp-block-columns alignwide has-border-color has-palette-color-5-border-color has-small-font-size is-layout-flex wp-container-core-columns-is-layout-7466b548 wp-block-columns-is-layout-flex\" style=\"border-width:1px;border-radius:4px;padding-top:var(--wp--preset--spacing--30);padding-right:var(--wp--preset--spacing--30);padding-bottom:var(--wp--preset--spacing--30);padding-left:var(--wp--preset--spacing--30)\">\n<div class=\"wp-block-column is-layout-flow wp-block-column-is-layout-flow\" style=\"flex-basis:30%\"><figure class=\"alignfull wp-block-post-featured-image wp-duotone-unset-9\"><a href=\"https:\/\/citt-bio.madrimasd.org\/index.php\/2023\/07\/20\/convocatoria-fortalece-2\/\" target=\"_self\"  ><img loading=\"lazy\" decoding=\"async\" width=\"930\" height=\"302\" src=\"https:\/\/citt-bio.madrimasd.org\/wp-content\/uploads\/2023\/07\/min-ciencia-innovacion-ISCII.png\" class=\"attachment-post-thumbnail size-post-thumbnail wp-post-image\" alt=\"Convocatoria FORTALECE\" style=\"object-fit:cover;\" srcset=\"https:\/\/citt-bio.madrimasd.org\/wp-content\/uploads\/2023\/07\/min-ciencia-innovacion-ISCII.png 930w, https:\/\/citt-bio.madrimasd.org\/wp-content\/uploads\/2023\/07\/min-ciencia-innovacion-ISCII-300x97.png 300w, https:\/\/citt-bio.madrimasd.org\/wp-content\/uploads\/2023\/07\/min-ciencia-innovacion-ISCII-768x249.png 768w\" sizes=\"auto, (max-width: 930px) 100vw, 930px\" \/><\/a><\/figure><\/div>\n\n\n\n<div class=\"wp-block-column is-layout-flow wp-block-column-is-layout-flow\" style=\"flex-basis:70%\"><h2 style=\"font-style:normal;font-weight:300;\" class=\"wp-block-post-title\"><a href=\"https:\/\/citt-bio.madrimasd.org\/index.php\/2023\/07\/20\/convocatoria-fortalece-2\/\" target=\"_self\" >Convocatoria FORTALECE<\/a><\/h2>\n\n<div class=\"wp-block-post-excerpt\"><p class=\"wp-block-post-excerpt__excerpt\">Programa para fortalecer las l\u00edneas de investigaci\u00f3n e innovaci\u00f3n de los Institutos de Investigaci\u00f3n Sanitaria <\/p><\/div><\/div>\n<\/div>\n\n<\/li><\/ul><\/div>\n<\/div>\n","protected":false},"excerpt":{"rendered":"<p>\u00daltimas convocatorias<\/p>\n","protected":false},"author":3,"featured_media":0,"parent":8,"menu_order":2,"comment_status":"closed","ping_status":"closed","template":"","meta":{"_acf_changed":false,"_mc_calendar":[],"footnotes":""},"class_list":["post-33","page","type-page","status-publish","hentry"],"blocksy_meta":[],"acf":[],"_links":{"self":[{"href":"https:\/\/citt-bio.madrimasd.org\/index.php\/wp-json\/wp\/v2\/pages\/33","targetHints":{"allow":["GET"]}}],"collection":[{"href":"https:\/\/citt-bio.madrimasd.org\/index.php\/wp-json\/wp\/v2\/pages"}],"about":[{"href":"https:\/\/citt-bio.madrimasd.org\/index.php\/wp-json\/wp\/v2\/types\/page"}],"author":[{"embeddable":true,"href":"https:\/\/citt-bio.madrimasd.org\/index.php\/wp-json\/wp\/v2\/users\/3"}],"replies":[{"embeddable":true,"href":"https:\/\/citt-bio.madrimasd.org\/index.php\/wp-json\/wp\/v2\/comments?post=33"}],"version-history":[{"count":16,"href":"https:\/\/citt-bio.madrimasd.org\/index.php\/wp-json\/wp\/v2\/pages\/33\/revisions"}],"predecessor-version":[{"id":1247,"href":"https:\/\/citt-bio.madrimasd.org\/index.php\/wp-json\/wp\/v2\/pages\/33\/revisions\/1247"}],"up":[{"embeddable":true,"href":"https:\/\/citt-bio.madrimasd.org\/index.php\/wp-json\/wp\/v2\/pages\/8"}],"wp:attachment":[{"href":"https:\/\/citt-bio.madrimasd.org\/index.php\/wp-json\/wp\/v2\/media?parent=33"}],"curies":[{"name":"wp","href":"https:\/\/api.w.org\/{rel}","templated":true}]}}