{"id":823,"date":"2023-11-16T20:31:29","date_gmt":"2023-11-16T18:31:29","guid":{"rendered":"https:\/\/citt-bio.madrimasd.org\/?page_id=823"},"modified":"2023-11-17T02:10:39","modified_gmt":"2023-11-17T00:10:39","slug":"el-irycis-y-el-hospital-ramon-y-cajal-organizan-una-jornada-sobre-el-ictus-en-el-marco-de-la-semana-de-la-ciencia-y-la-innovacion-con-el-apoyo-del-citt-bio","status":"publish","type":"page","link":"https:\/\/citt-bio.madrimasd.org\/index.php\/noticias\/el-irycis-y-el-hospital-ramon-y-cajal-organizan-una-jornada-sobre-el-ictus-en-el-marco-de-la-semana-de-la-ciencia-y-la-innovacion-con-el-apoyo-del-citt-bio\/","title":{"rendered":"El IRYCIS y el Hospital Ram\u00f3n y Cajal organizan una jornada sobre el ictus en el marco de la Semana de la Ciencia y la Innovaci\u00f3n con el apoyo del CITT-BIO"},"content":{"rendered":"\n<p>Madrid, 16 de noviembre de 2023 \u2013 El Instituto Ram\u00f3n y Cajal de Investigaci\u00f3n Sanitaria y el Cl\u00faster CITT-BIO han celebrado, en el Hospital Ram\u00f3n y Cajal, una jornada en el marco de la Semana de la Ciencia e Innovaci\u00f3n, bajo el t\u00edtulo \u201cInvestigaci\u00f3n y desarrollo de nuevas terapias para la recuperaci\u00f3n del ictus\u201d. La jornada ha sido una oportunidad para acercar a la sociedad los avances en innovaci\u00f3n relacionados con la enfermedad del ictus.<\/p>\n\n\n\n<div class=\"wp-block-columns is-layout-flex wp-container-core-columns-is-layout-28f84493 wp-block-columns-is-layout-flex\">\n<div class=\"wp-block-column is-layout-flow wp-block-column-is-layout-flow\" style=\"flex-basis:33.33%\">\n<figure class=\"wp-block-image size-full is-resized\"><img loading=\"lazy\" decoding=\"async\" width=\"960\" height=\"720\" src=\"https:\/\/citt-bio.madrimasd.org\/wp-content\/uploads\/2023\/11\/posando.png\" alt=\"\" class=\"wp-image-824\" style=\"width:427px;height:auto\" srcset=\"https:\/\/citt-bio.madrimasd.org\/wp-content\/uploads\/2023\/11\/posando.png 960w, https:\/\/citt-bio.madrimasd.org\/wp-content\/uploads\/2023\/11\/posando-300x225.png 300w, https:\/\/citt-bio.madrimasd.org\/wp-content\/uploads\/2023\/11\/posando-768x576.png 768w\" sizes=\"auto, (max-width: 960px) 100vw, 960px\" \/><\/figure>\n\n\n\n<p class=\"has-small-font-size\"><em><strong>De izquierda a derecha: Carlos Mingo Rodr\u00edguez, M\u00aa Laura Garc\u00eda Bermejo y Jose Manuel Gonz\u00e1lez<\/strong><\/em><\/p>\n<\/div>\n\n\n\n<div class=\"wp-block-column is-layout-flow wp-block-column-is-layout-flow\" style=\"flex-basis:66.66%\">\n<p>El acto ha sido inaugurado por D. Carlos Mingo Rodr\u00edguez, Director Gerente del Hospital Ram\u00f3n y Cajal, D. Jos\u00e9 Manuel Gonz\u00e1lez Sancho, codirector del cl\u00faster CITT-BIO y D\u00f1a. M\u00aa Laura Garc\u00eda Bermejo, directora cient\u00edfica del Instituto Ram\u00f3n y Cajal de Investigaci\u00f3n Sanitaria.<\/p>\n\n\n\n<p>En primer lugar, el Dr. Jaime Masjuan, jefe del Servicio de Neurolog\u00eda del Hospital Ram\u00f3n y Cajal, ha presentado la enfermedad del ictus como un problema de salud muy importante en la sociedad, y la relevancia que puede tener el c\u00f3digo ICTUS para conseguir que los pacientes afectados sean atendidos en un centro sanitario lo antes posible.<\/p>\n\n\n\n<p>A continuaci\u00f3n, el Dr. V\u00edctor Gonz\u00e1lez, ha expuesto el trabajo realizado por el grupo Apt\u00e1meros, del que \u00e9l es responsable. Este grupo, perteneciente al IRYCIS, ha desarrollado el f\u00e1rmaco APTOLL, basado en un apt\u00e1mero que puede reducir la gravedad del ictus. Este f\u00e1rmaco ha presentado en los primeros ensayos cl\u00ednicos unos resultados exitosos, que han sido expuestos por D\u00f1a. Macarena Hern\u00e1ndez, CSO de Aptatargets, y el Dr. Jaime Masjuan.<\/p>\n<\/div>\n<\/div>\n\n\n\n<div class=\"wp-block-columns is-layout-flex wp-container-core-columns-is-layout-28f84493 wp-block-columns-is-layout-flex\">\n<div class=\"wp-block-column is-layout-flow wp-block-column-is-layout-flow\">\n<p>Como parte importante de la enfermedad del ictus, el Dr. Ezequiel Hidalgo, M\u00e9dico Adjunto del Servicio de Rehabilitaci\u00f3n del HRYC\/IRYCIS, ha presentado un modelo innovador en la terapia de recuperaci\u00f3n de esta enfermedad. Esta terapia est\u00e1 basada en la simulaci\u00f3n a trav\u00e9s de la realidad virtual y ha permitido acercar a los pacientes un modelo de terapia basado en la gravedad de su enfermedad y condiciones f\u00edsicas.<\/p>\n\n\n\n<p>En una segunda parte de la jornada, se ha puesto de manifiesto la importancia de comunicar a la sociedad el modo de actuaci\u00f3n frente a un posible escenario de ictus. D. Julio Agredano, presidente y fundador de la Fundaci\u00f3n \u201cFreno al Ictus\u201d, ha presentado las l\u00edneas de actuaci\u00f3n de la Fundaci\u00f3n en cuanto a informaci\u00f3n, investigaci\u00f3n e inclusi\u00f3n, recalcando su papel de apoyo a la inclusi\u00f3n a trav\u00e9s de un sistema de rehabilitaci\u00f3n integral. Finalmente, el Dr. Nicol\u00e1s Riera, responsable de la Comisi\u00f3n de Ictus de los Servicios de Urgencias 112, ha presentado el c\u00f3digo ictus y c\u00f3mo act\u00faa el SUMMA 112 con los hospitales y los pacientes que sufren ictus en el d\u00eda a d\u00eda.<\/p>\n\n\n\n<p>La jornada ha sido clausurada por D\u00f1a. M\u00aa Laura Garc\u00eda Bermejo y D. Jos\u00e9 Manuel Gonz\u00e1lez Sancho, as\u00ed como por D. Diego Velasco, Director de Innovaci\u00f3n del IRYCIS.<\/p>\n\n\n\n<p>Al final de la jornada, los asistentes pudieron disfrutar de una simulaci\u00f3n de la realidad virtual, para conocer de primera mano lo que esta tecnolog\u00eda puede aportar en la rehabilitaci\u00f3n de los pacientes, tanto de da\u00f1o cerebral como de lesiones de m\u00e9dula espinal, entre otros.<\/p>\n<\/div>\n\n\n\n<div class=\"wp-block-column is-layout-flow wp-block-column-is-layout-flow\">\n<figure class=\"wp-block-image size-full is-resized\"><img loading=\"lazy\" decoding=\"async\" width=\"960\" height=\"720\" src=\"https:\/\/citt-bio.madrimasd.org\/wp-content\/uploads\/2023\/11\/Slide6.png\" alt=\"\" class=\"wp-image-825\" style=\"width:556px;height:auto\" srcset=\"https:\/\/citt-bio.madrimasd.org\/wp-content\/uploads\/2023\/11\/Slide6.png 960w, https:\/\/citt-bio.madrimasd.org\/wp-content\/uploads\/2023\/11\/Slide6-300x225.png 300w, https:\/\/citt-bio.madrimasd.org\/wp-content\/uploads\/2023\/11\/Slide6-768x576.png 768w\" sizes=\"auto, (max-width: 960px) 100vw, 960px\" \/><\/figure>\n\n\n\n<p class=\"has-small-font-size\"><em><strong>Diego Velasco, Director de Innovaci\u00f3n del IRYCIS, moderando la jornada<\/strong><\/em><\/p>\n<\/div>\n<\/div>\n\n\n\n<div style=\"height:100px\" aria-hidden=\"true\" class=\"wp-block-spacer\"><\/div>\n\n\n\n<div class=\"wp-block-columns is-layout-flex wp-container-core-columns-is-layout-28f84493 wp-block-columns-is-layout-flex\">\n<div class=\"wp-block-column is-layout-flow wp-block-column-is-layout-flow\">\n<figure class=\"wp-block-image size-full\"><img loading=\"lazy\" decoding=\"async\" width=\"960\" height=\"720\" src=\"http:\/\/citt-bio.madrimasd.org\/wp-content\/uploads\/2023\/11\/Slide1.png\" alt=\"\" class=\"wp-image-828\" srcset=\"https:\/\/citt-bio.madrimasd.org\/wp-content\/uploads\/2023\/11\/Slide1.png 960w, https:\/\/citt-bio.madrimasd.org\/wp-content\/uploads\/2023\/11\/Slide1-300x225.png 300w, https:\/\/citt-bio.madrimasd.org\/wp-content\/uploads\/2023\/11\/Slide1-768x576.png 768w\" sizes=\"auto, (max-width: 960px) 100vw, 960px\" \/><\/figure>\n\n\n\n<p><em>Todo preparado para la llegada de los asistentes<\/em><\/p>\n<\/div>\n\n\n\n<div class=\"wp-block-column is-layout-flow wp-block-column-is-layout-flow\">\n<figure class=\"wp-block-image size-full\"><img loading=\"lazy\" decoding=\"async\" width=\"960\" height=\"720\" src=\"http:\/\/citt-bio.madrimasd.org\/wp-content\/uploads\/2023\/11\/Slide7.png\" alt=\"\" class=\"wp-image-834\" srcset=\"https:\/\/citt-bio.madrimasd.org\/wp-content\/uploads\/2023\/11\/Slide7.png 960w, https:\/\/citt-bio.madrimasd.org\/wp-content\/uploads\/2023\/11\/Slide7-300x225.png 300w, https:\/\/citt-bio.madrimasd.org\/wp-content\/uploads\/2023\/11\/Slide7-768x576.png 768w\" sizes=\"auto, (max-width: 960px) 100vw, 960px\" \/><\/figure>\n\n\n\n<p><em>Dr. Jaime Masjuan, jefe del Servicio de Neurolog\u00eda del Hospital Ram\u00f3n y Cajal<\/em><\/p>\n<\/div>\n\n\n\n<div class=\"wp-block-column is-layout-flow wp-block-column-is-layout-flow\">\n<figure class=\"wp-block-image size-full\"><img loading=\"lazy\" decoding=\"async\" width=\"960\" height=\"720\" src=\"http:\/\/citt-bio.madrimasd.org\/wp-content\/uploads\/2023\/11\/Slide8.png\" alt=\"\" class=\"wp-image-835\" srcset=\"https:\/\/citt-bio.madrimasd.org\/wp-content\/uploads\/2023\/11\/Slide8.png 960w, https:\/\/citt-bio.madrimasd.org\/wp-content\/uploads\/2023\/11\/Slide8-300x225.png 300w, https:\/\/citt-bio.madrimasd.org\/wp-content\/uploads\/2023\/11\/Slide8-768x576.png 768w\" sizes=\"auto, (max-width: 960px) 100vw, 960px\" \/><\/figure>\n\n\n\n<p><em>Dr. V\u00edctor Gonz\u00e1lez<\/em>, <em>Responsable Grupo Apt\u00e1meros IRYCIS<\/em><\/p>\n<\/div>\n<\/div>\n\n\n\n<div class=\"wp-block-columns is-layout-flex wp-container-core-columns-is-layout-28f84493 wp-block-columns-is-layout-flex\">\n<div class=\"wp-block-column is-layout-flow wp-block-column-is-layout-flow\">\n<figure class=\"wp-block-image size-full\"><img loading=\"lazy\" decoding=\"async\" width=\"960\" height=\"720\" src=\"http:\/\/citt-bio.madrimasd.org\/wp-content\/uploads\/2023\/11\/Slide9.png\" alt=\"\" class=\"wp-image-836\" srcset=\"https:\/\/citt-bio.madrimasd.org\/wp-content\/uploads\/2023\/11\/Slide9.png 960w, https:\/\/citt-bio.madrimasd.org\/wp-content\/uploads\/2023\/11\/Slide9-300x225.png 300w, https:\/\/citt-bio.madrimasd.org\/wp-content\/uploads\/2023\/11\/Slide9-768x576.png 768w\" sizes=\"auto, (max-width: 960px) 100vw, 960px\" \/><\/figure>\n\n\n\n<p><em>Macarena Hern\u00e1ndez, CSO en Aptatarget<\/em><\/p>\n<\/div>\n\n\n\n<div class=\"wp-block-column is-layout-flow wp-block-column-is-layout-flow\">\n<figure class=\"wp-block-image size-full\"><img loading=\"lazy\" decoding=\"async\" width=\"960\" height=\"720\" src=\"http:\/\/citt-bio.madrimasd.org\/wp-content\/uploads\/2023\/11\/Slide10.png\" alt=\"\" class=\"wp-image-837\" srcset=\"https:\/\/citt-bio.madrimasd.org\/wp-content\/uploads\/2023\/11\/Slide10.png 960w, https:\/\/citt-bio.madrimasd.org\/wp-content\/uploads\/2023\/11\/Slide10-300x225.png 300w, https:\/\/citt-bio.madrimasd.org\/wp-content\/uploads\/2023\/11\/Slide10-768x576.png 768w\" sizes=\"auto, (max-width: 960px) 100vw, 960px\" \/><\/figure>\n\n\n\n<p><em>Julio Agredano, Presidente y fundador de la Fundaci\u00f3n Freno al ictus<\/em><\/p>\n<\/div>\n\n\n\n<div class=\"wp-block-column is-layout-flow wp-block-column-is-layout-flow\">\n<figure class=\"wp-block-image size-full\"><img loading=\"lazy\" decoding=\"async\" width=\"960\" height=\"720\" src=\"http:\/\/citt-bio.madrimasd.org\/wp-content\/uploads\/2023\/11\/Slide11.png\" alt=\"\" class=\"wp-image-838\" srcset=\"https:\/\/citt-bio.madrimasd.org\/wp-content\/uploads\/2023\/11\/Slide11.png 960w, https:\/\/citt-bio.madrimasd.org\/wp-content\/uploads\/2023\/11\/Slide11-300x225.png 300w, https:\/\/citt-bio.madrimasd.org\/wp-content\/uploads\/2023\/11\/Slide11-768x576.png 768w\" sizes=\"auto, (max-width: 960px) 100vw, 960px\" \/><\/figure>\n\n\n\n<p><em>Dr. Nicol\u00e1s Riera L\u00f3pez, Responsable de la Comisi\u00f3n de Ictus del SUMMA 112<\/em><\/p>\n<\/div>\n<\/div>\n\n\n\n<div class=\"wp-block-columns is-layout-flex wp-container-core-columns-is-layout-28f84493 wp-block-columns-is-layout-flex\">\n<div class=\"wp-block-column is-layout-flow wp-block-column-is-layout-flow\">\n<figure class=\"wp-block-image size-full\"><img loading=\"lazy\" decoding=\"async\" width=\"960\" height=\"720\" src=\"http:\/\/citt-bio.madrimasd.org\/wp-content\/uploads\/2023\/11\/Slide16a.png\" alt=\"\" class=\"wp-image-843\" srcset=\"https:\/\/citt-bio.madrimasd.org\/wp-content\/uploads\/2023\/11\/Slide16a.png 960w, https:\/\/citt-bio.madrimasd.org\/wp-content\/uploads\/2023\/11\/Slide16a-300x225.png 300w, https:\/\/citt-bio.madrimasd.org\/wp-content\/uploads\/2023\/11\/Slide16a-768x576.png 768w\" sizes=\"auto, (max-width: 960px) 100vw, 960px\" \/><\/figure>\n\n\n\n<p><em>Dr. Ezequiel Hidalgo, M\u00e9dico Adjunto Servicio Rehabilitaci\u00f3n HRYC\/IRYCIS durante la demostraci\u00f3n con realidad virtual<\/em><\/p>\n<\/div>\n\n\n\n<div class=\"wp-block-column is-layout-flow wp-block-column-is-layout-flow\">\n<figure class=\"wp-block-image size-full\"><img loading=\"lazy\" decoding=\"async\" width=\"960\" height=\"720\" src=\"http:\/\/citt-bio.madrimasd.org\/wp-content\/uploads\/2023\/11\/Slide14.png\" alt=\"\" class=\"wp-image-841\" srcset=\"https:\/\/citt-bio.madrimasd.org\/wp-content\/uploads\/2023\/11\/Slide14.png 960w, https:\/\/citt-bio.madrimasd.org\/wp-content\/uploads\/2023\/11\/Slide14-300x225.png 300w, https:\/\/citt-bio.madrimasd.org\/wp-content\/uploads\/2023\/11\/Slide14-768x576.png 768w\" sizes=\"auto, (max-width: 960px) 100vw, 960px\" \/><\/figure>\n\n\n\n<p><em>Los asistentes probando la realidad virtual<\/em><\/p>\n<\/div>\n\n\n\n<div class=\"wp-block-column is-layout-flow wp-block-column-is-layout-flow\">\n<figure class=\"wp-block-image size-full\"><img loading=\"lazy\" decoding=\"async\" width=\"960\" height=\"720\" src=\"http:\/\/citt-bio.madrimasd.org\/wp-content\/uploads\/2023\/11\/Slide15.png\" alt=\"\" class=\"wp-image-842\" srcset=\"https:\/\/citt-bio.madrimasd.org\/wp-content\/uploads\/2023\/11\/Slide15.png 960w, https:\/\/citt-bio.madrimasd.org\/wp-content\/uploads\/2023\/11\/Slide15-300x225.png 300w, https:\/\/citt-bio.madrimasd.org\/wp-content\/uploads\/2023\/11\/Slide15-768x576.png 768w\" sizes=\"auto, (max-width: 960px) 100vw, 960px\" \/><\/figure>\n\n\n\n<p><em>Momentos para la interacci\u00f3n entre los asistentes<\/em><\/p>\n<\/div>\n<\/div>\n\n\n\n<div class=\"wp-block-columns is-layout-flex wp-container-core-columns-is-layout-28f84493 wp-block-columns-is-layout-flex\">\n<div class=\"wp-block-column is-layout-flow wp-block-column-is-layout-flow\">\n<figure class=\"wp-block-image size-full\"><img loading=\"lazy\" decoding=\"async\" width=\"960\" height=\"720\" src=\"http:\/\/citt-bio.madrimasd.org\/wp-content\/uploads\/2023\/11\/Slide13.png\" alt=\"\" class=\"wp-image-840\" srcset=\"https:\/\/citt-bio.madrimasd.org\/wp-content\/uploads\/2023\/11\/Slide13.png 960w, https:\/\/citt-bio.madrimasd.org\/wp-content\/uploads\/2023\/11\/Slide13-300x225.png 300w, https:\/\/citt-bio.madrimasd.org\/wp-content\/uploads\/2023\/11\/Slide13-768x576.png 768w\" sizes=\"auto, (max-width: 960px) 100vw, 960px\" \/><\/figure>\n<\/div>\n\n\n\n<div class=\"wp-block-column is-layout-flow wp-block-column-is-layout-flow\">\n<figure class=\"wp-block-image size-full\"><img loading=\"lazy\" decoding=\"async\" width=\"960\" height=\"720\" src=\"http:\/\/citt-bio.madrimasd.org\/wp-content\/uploads\/2023\/11\/Slide17.png\" alt=\"\" class=\"wp-image-844\" srcset=\"https:\/\/citt-bio.madrimasd.org\/wp-content\/uploads\/2023\/11\/Slide17.png 960w, https:\/\/citt-bio.madrimasd.org\/wp-content\/uploads\/2023\/11\/Slide17-300x225.png 300w, https:\/\/citt-bio.madrimasd.org\/wp-content\/uploads\/2023\/11\/Slide17-768x576.png 768w\" sizes=\"auto, (max-width: 960px) 100vw, 960px\" \/><\/figure>\n<\/div>\n\n\n\n<div class=\"wp-block-column is-layout-flow wp-block-column-is-layout-flow\">\n<figure class=\"wp-block-image size-full\"><img loading=\"lazy\" decoding=\"async\" width=\"960\" height=\"720\" src=\"https:\/\/citt-bio.madrimasd.org\/wp-content\/uploads\/2023\/11\/rv.png\" alt=\"\" class=\"wp-image-845\" srcset=\"https:\/\/citt-bio.madrimasd.org\/wp-content\/uploads\/2023\/11\/rv.png 960w, https:\/\/citt-bio.madrimasd.org\/wp-content\/uploads\/2023\/11\/rv-300x225.png 300w, https:\/\/citt-bio.madrimasd.org\/wp-content\/uploads\/2023\/11\/rv-768x576.png 768w\" sizes=\"auto, (max-width: 960px) 100vw, 960px\" \/><\/figure>\n<\/div>\n<\/div>\n\n\n\n<p class=\"has-text-align-center has-small-font-size\"><\/p>\n","protected":false},"excerpt":{"rendered":"<p>Madrid, 16 de noviembre de 2023 \u2013 El Instituto Ram\u00f3n y Cajal de Investigaci\u00f3n Sanitaria y el Cl\u00faster CITT-BIO han celebrado, en el Hospital Ram\u00f3n y Cajal, una jornada en el marco de la Semana de la Ciencia e Innovaci\u00f3n, bajo el t\u00edtulo \u201cInvestigaci\u00f3n y desarrollo de nuevas terapias para la recuperaci\u00f3n del ictus\u201d. La [&hellip;]<\/p>\n","protected":false},"author":3,"featured_media":0,"parent":162,"menu_order":1,"comment_status":"closed","ping_status":"closed","template":"","meta":{"_acf_changed":false,"_mc_calendar":[],"footnotes":""},"class_list":["post-823","page","type-page","status-publish","hentry"],"blocksy_meta":[],"acf":[],"_links":{"self":[{"href":"https:\/\/citt-bio.madrimasd.org\/index.php\/wp-json\/wp\/v2\/pages\/823","targetHints":{"allow":["GET"]}}],"collection":[{"href":"https:\/\/citt-bio.madrimasd.org\/index.php\/wp-json\/wp\/v2\/pages"}],"about":[{"href":"https:\/\/citt-bio.madrimasd.org\/index.php\/wp-json\/wp\/v2\/types\/page"}],"author":[{"embeddable":true,"href":"https:\/\/citt-bio.madrimasd.org\/index.php\/wp-json\/wp\/v2\/users\/3"}],"replies":[{"embeddable":true,"href":"https:\/\/citt-bio.madrimasd.org\/index.php\/wp-json\/wp\/v2\/comments?post=823"}],"version-history":[{"count":3,"href":"https:\/\/citt-bio.madrimasd.org\/index.php\/wp-json\/wp\/v2\/pages\/823\/revisions"}],"predecessor-version":[{"id":865,"href":"https:\/\/citt-bio.madrimasd.org\/index.php\/wp-json\/wp\/v2\/pages\/823\/revisions\/865"}],"up":[{"embeddable":true,"href":"https:\/\/citt-bio.madrimasd.org\/index.php\/wp-json\/wp\/v2\/pages\/162"}],"wp:attachment":[{"href":"https:\/\/citt-bio.madrimasd.org\/index.php\/wp-json\/wp\/v2\/media?parent=823"}],"curies":[{"name":"wp","href":"https:\/\/api.w.org\/{rel}","templated":true}]}}